{"id":5443,"date":"2016-11-28T14:50:25","date_gmt":"2016-11-28T13:50:25","guid":{"rendered":"https:\/\/www.ensapc.fr\/en\/gallien-dejean"},"modified":"2025-10-02T12:51:46","modified_gmt":"2025-10-02T10:51:46","slug":"gallien-dejean","status":"publish","type":"page","link":"https:\/\/www.ensapc.fr\/en\/gallien-dejean\/","title":{"rendered":"Gallien D\u00e9jean"},"content":{"rendered":"<div class=\"wpb-content-wrapper\"><p>[vc_row][vc_column][vc_column_text css=&#8221;&#8221;][this page hasn&#8217;t been translated yet]<\/p>\n<p>Gallien D\u00e9jean est critique d\u2019art et commissaire ind\u00e9pendant. Il enseigne l\u2019histoire de l\u2019art et la th\u00e9orie \u00e0 l\u2019\u00c9cole cantonale d\u2019art de Lausanne (ECAL) en Suisse et \u00e0 l\u2019\u00c9cole nationale sup\u00e9rieure d\u2019arts de Paris-Cergy (ENSAPC) en France. Il est membre de Treize, structure de production, d\u2019exposition et d\u2019\u00e9dition. Il est l&#8217;auteur de la premi\u00e8re r\u00e9trospective consacr\u00e9e au collectif artistique anglais BANK (<em>Self Portrait &#8211; BANK\u2019s Archives &amp; Relics &#8211; 1991-2003<\/em> \u00e0 Treize en 2012 et chez Elaine MGK, \u00e0 B\u00e2le, en 2013). De 2013 \u00e0 2015, il a \u00e9t\u00e9 commissaire d\u2019expositions au Palais de Tokyo. En 2018, il a organis\u00e9 au Plateau Frac \u00cele-de-France (Paris) l&#8217;exposition collective <em>A Study in Scarlet<\/em> autour de l\u2019\u0153uvre de Cosey Fanni Tutti. Il a publi\u00e9 plusieurs livres en tant qu\u2019auteur et \u00e9diteur. En 2020, il a publi\u00e9 un livre d&#8217;entretien avec Jacqueline de Jong (Manuella \u00c9ditions). En 2021, il a codirig\u00e9 la publication de l&#8217;ouvrage <em>The BANK Fax-Bak Service<\/em> co\u00e9dit\u00e9 par Lenz Press, Treize, la Kunsthalle de Zurich et la galerie Neu.[\/vc_column_text][vc_btn title=&#8221;Contact&#8221; css=&#8221;&#8221; link=&#8221;url:mailto%3Agallien.dejean%40ensapc.fr|&#8221;][vc_btn title=&#8221;Learn more&#8221; css=&#8221;&#8221; link=&#8221;url:https%3A%2F%2Fwww.archivesdelacritiquedart.org%2Fauteur%2Fdejean-gallien|&#8221;][vc_empty_space height=&#8221;52px&#8221;][\/vc_column][\/vc_row]<\/p>\n<\/div>","protected":false},"excerpt":{"rendered":"<p>[vc_row][vc_column][vc_column_text css=&#8221;&#8221;][this page hasn&#8217;t been translated yet] Gallien D\u00e9jean est critique d\u2019art et commissaire ind\u00e9pendant. Il enseigne l\u2019histoire de l\u2019art et la th\u00e9orie \u00e0 l\u2019\u00c9cole cantonale d\u2019art de Lausanne (ECAL) en Suisse et \u00e0 l\u2019\u00c9cole nationale sup\u00e9rieure d\u2019arts de Paris-Cergy (ENSAPC) en France. Il est membre de Treize, structure de production, d\u2019exposition et d\u2019\u00e9dition. Il&#8230;  <a class=\"excerpt-read-more\" href=\"https:\/\/www.ensapc.fr\/en\/gallien-dejean\/\" title=\"Read Gallien D\u00e9jean\">Read more &raquo;<\/a><\/p>\n","protected":false},"author":1,"featured_media":0,"parent":0,"menu_order":270,"comment_status":"closed","ping_status":"closed","template":"","meta":{"footnotes":""},"class_list":["post-5443","page","type-page","status-publish","hentry"],"_links":{"self":[{"href":"https:\/\/www.ensapc.fr\/en\/wp-json\/wp\/v2\/pages\/5443","targetHints":{"allow":["GET"]}}],"collection":[{"href":"https:\/\/www.ensapc.fr\/en\/wp-json\/wp\/v2\/pages"}],"about":[{"href":"https:\/\/www.ensapc.fr\/en\/wp-json\/wp\/v2\/types\/page"}],"author":[{"embeddable":true,"href":"https:\/\/www.ensapc.fr\/en\/wp-json\/wp\/v2\/users\/1"}],"replies":[{"embeddable":true,"href":"https:\/\/www.ensapc.fr\/en\/wp-json\/wp\/v2\/comments?post=5443"}],"version-history":[{"count":3,"href":"https:\/\/www.ensapc.fr\/en\/wp-json\/wp\/v2\/pages\/5443\/revisions"}],"predecessor-version":[{"id":14230,"href":"https:\/\/www.ensapc.fr\/en\/wp-json\/wp\/v2\/pages\/5443\/revisions\/14230"}],"wp:attachment":[{"href":"https:\/\/www.ensapc.fr\/en\/wp-json\/wp\/v2\/media?parent=5443"}],"curies":[{"name":"wp","href":"https:\/\/api.w.org\/{rel}","templated":true}]}}