{"version":"1.0","provider_name":"ENSAPC","provider_url":"https:\/\/www.ensapc.fr\/fr\/","author_name":"@ENSAPC","author_url":"https:\/\/www.ensapc.fr\/fr\/","title":"ENTRETIEN AVEC \u00c2NGELA FERREIRA - ENSAPC","type":"rich","width":600,"height":338,"html":"<blockquote class=\"wp-embedded-content\" data-secret=\"48E7w69MlI\"><a href=\"https:\/\/www.ensapc.fr\/fr\/actualite\/entretien-avec-angela-ferreira\/\">ENTRETIEN AVEC \u00c2NGELA FERREIRA<\/a><\/blockquote><iframe sandbox=\"allow-scripts\" security=\"restricted\" src=\"https:\/\/www.ensapc.fr\/fr\/actualite\/entretien-avec-angela-ferreira\/embed\/#?secret=48E7w69MlI\" width=\"600\" height=\"338\" title=\"\u00ab\u00a0ENTRETIEN AVEC \u00c2NGELA FERREIRA\u00a0\u00bb &#8212; ENSAPC\" data-secret=\"48E7w69MlI\" frameborder=\"0\" marginwidth=\"0\" marginheight=\"0\" scrolling=\"no\" class=\"wp-embedded-content\"><\/iframe><script type=\"text\/javascript\">\n\/* <![CDATA[ *\/\n\/*! This file is auto-generated *\/\n!function(d,l){\"use strict\";l.querySelector&&d.addEventListener&&\"undefined\"!=typeof URL&&(d.wp=d.wp||{},d.wp.receiveEmbedMessage||(d.wp.receiveEmbedMessage=function(e){var t=e.data;if((t||t.secret||t.message||t.value)&&!\/[^a-zA-Z0-9]\/.test(t.secret)){for(var s,r,n,a=l.querySelectorAll('iframe[data-secret=\"'+t.secret+'\"]'),o=l.querySelectorAll('blockquote[data-secret=\"'+t.secret+'\"]'),c=new RegExp(\"^https?:$\",\"i\"),i=0;i<o.length;i++)o[i].style.display=\"none\";for(i=0;i<a.length;i++)s=a[i],e.source===s.contentWindow&&(s.removeAttribute(\"style\"),\"height\"===t.message?(1e3<(r=parseInt(t.value,10))?r=1e3:~~r<200&&(r=200),s.height=r):\"link\"===t.message&&(r=new URL(s.getAttribute(\"src\")),n=new URL(t.value),c.test(n.protocol))&&n.host===r.host&&l.activeElement===s&&(d.top.location.href=t.value))}},d.addEventListener(\"message\",d.wp.receiveEmbedMessage,!1),l.addEventListener(\"DOMContentLoaded\",function(){for(var e,t,s=l.querySelectorAll(\"iframe.wp-embedded-content\"),r=0;r<s.length;r++)(t=(e=s[r]).getAttribute(\"data-secret\"))||(t=Math.random().toString(36).substring(2,12),e.src+=\"#?secret=\"+t,e.setAttribute(\"data-secret\",t)),e.contentWindow.postMessage({message:\"ready\",secret:t},\"*\")},!1)))}(window,document);\n\/\/# sourceURL=https:\/\/www.ensapc.fr\/wp-includes\/js\/wp-embed.min.js\n\/* ]]> *\/\n<\/script>\n","description":"[vc_row css=\u00a0\u00bb.vc_custom_1625731243978{padding-top: 20px !important;padding-right: 20px !important;padding-left: 20px !important;}\u00a0\u00bb][vc_column][vc_column_text]N\u00e9e en 1958 \u00e0 Maputo (Mozambique), \u00c2ngela Ferreira a grandi et a \u00e9tudi\u00e9 en Afrique du Sud. Depuis le Portugal, o\u00f9 elle vit d\u00e9sormais, elle d\u00e9veloppe une pratique artistique qui conjugue recherche et exp\u00e9rimentation artistique. Ses dispositifs \u2013 qu\u2019ils soient sculpturaux, vid\u00e9os, photographiques \u2013 explorent les survivances et... Lire la suite &raquo;","thumbnail_url":"https:\/\/www.ensapc.fr\/wp-content\/uploads\/2017\/03\/opengraph-english-ensapc.jpg","thumbnail_width":1200,"thumbnail_height":630}