{"id":10232,"date":"2022-09-06T16:34:42","date_gmt":"2022-09-06T14:34:42","guid":{"rendered":"https:\/\/www.ensapc.fr\/?page_id=10232"},"modified":"2022-09-08T11:32:25","modified_gmt":"2022-09-08T09:32:25","slug":"laura-huertas-millan","status":"publish","type":"page","link":"https:\/\/www.ensapc.fr\/fr\/laura-huertas-millan\/","title":{"rendered":"LAURA HUERTAS MILL\u00c1N"},"content":{"rendered":"<div class=\"wpb-content-wrapper\"><p>[vc_row][vc_column][vc_column_text]Laura Huertas Mill\u00e1n est une artiste et cin\u00e9aste franco-colombienne. Ses films ont \u00e9t\u00e9 projet\u00e9s dans des festivals de cin\u00e9ma tels que la Berlinale, le Festival international du film de Toronto (TIFF), le Festival international du film de Rotterdam, le Festival du film de New York (NYFF) et Cin\u00e9ma du R\u00e9el ; ils ont \u00e9t\u00e9 prim\u00e9s au Festival de Locarno, au FIDMarseille et \u00e0 Doclisboa parmi d&rsquo;autres. Plusieurs r\u00e9trospectives de son travail ont eu lieu \u00e0 l&rsquo;international, dans des cin\u00e9math\u00e8ques (TIFF Lightbox, Harvard Film Archive, Mus\u00e9e Autrichien du Film, Cinemateca de Bogot\u00e1), des mus\u00e9es (Les Abattoirs &#8211; FRAC Occitanie, CA2M, Tabakalera), des festivals de cin\u00e9ma (Mar del Plata, RIDM, FICUNAM), des s\u00e9minaires de non-fiction (The Flaherty Film Seminar, Doc&rsquo;s Kingdom) et sur des plateformes de streaming (MUBI, DocAllianceFilms, Retina Latina). Ses \u0153uvres audiovisuelles ont aussi projet\u00e9es et expos\u00e9es dans des espaces d&rsquo;art : des mus\u00e9es tels que le Centre Pompidou, le Jeu de Paume, le mus\u00e9e Solomon R. Guggenheim \u00e0 New York, le PinchukArtCentre parmi d&rsquo;autres ; des biennales telles que Liverpool (2021), FRONT Triennial (2017), Videonnale (2019), Screen City Bienniale (2019) et Videobrasil (2013); et des expositions individuelles au MASP Sao Paulo, \u00e0 la Maison des Arts de Malakoff et au Mus\u00e9e d&rsquo;Art Moderne de Medellin. Ses \u0153uvres font partie de collections priv\u00e9es et publiques (KADIST, CNAP, Banco de la Rep\u00fablica de Colombia, CIFO Miami et FRAC Lorraine). En 2019, elle cofonde le collectif de recherche et de pratiques curatoriales Counter Encounters, autour de formes d&rsquo;alter- et d&rsquo;anti-ethnographies.[\/vc_column_text][\/vc_column][\/vc_row][vc_row][vc_column][vc_empty_space][\/vc_column][\/vc_row][vc_row][vc_column][vc_btn title=\u00a0\u00bbEn savoir plus\u00a0\u00bb link=\u00a0\u00bburl:https%3A%2F%2Fwww.laurahuertasmillan.com%2F|target:_blank\u00a0\u00bb][\/vc_column][\/vc_row]<\/p>\n<\/div>","protected":false},"excerpt":{"rendered":"<p>[vc_row][vc_column][vc_column_text]Laura Huertas Mill\u00e1n est une artiste et cin\u00e9aste franco-colombienne. Ses films ont \u00e9t\u00e9 projet\u00e9s dans des festivals de cin\u00e9ma tels que la Berlinale, le Festival international du film de Toronto (TIFF), le Festival international du film de Rotterdam, le Festival du film de New York (NYFF) et Cin\u00e9ma du R\u00e9el ; ils ont \u00e9t\u00e9 prim\u00e9s&#8230;  <a class=\"excerpt-read-more\" href=\"https:\/\/www.ensapc.fr\/fr\/laura-huertas-millan\/\" title=\"Read LAURA HUERTAS MILL\u00c1N\">Lire la suite &raquo;<\/a><\/p>\n","protected":false},"author":1,"featured_media":0,"parent":0,"menu_order":69,"comment_status":"closed","ping_status":"closed","template":"","meta":{"footnotes":""},"class_list":["post-10232","page","type-page","status-publish","hentry"],"_links":{"self":[{"href":"https:\/\/www.ensapc.fr\/fr\/wp-json\/wp\/v2\/pages\/10232","targetHints":{"allow":["GET"]}}],"collection":[{"href":"https:\/\/www.ensapc.fr\/fr\/wp-json\/wp\/v2\/pages"}],"about":[{"href":"https:\/\/www.ensapc.fr\/fr\/wp-json\/wp\/v2\/types\/page"}],"author":[{"embeddable":true,"href":"https:\/\/www.ensapc.fr\/fr\/wp-json\/wp\/v2\/users\/1"}],"replies":[{"embeddable":true,"href":"https:\/\/www.ensapc.fr\/fr\/wp-json\/wp\/v2\/comments?post=10232"}],"version-history":[{"count":3,"href":"https:\/\/www.ensapc.fr\/fr\/wp-json\/wp\/v2\/pages\/10232\/revisions"}],"predecessor-version":[{"id":10248,"href":"https:\/\/www.ensapc.fr\/fr\/wp-json\/wp\/v2\/pages\/10232\/revisions\/10248"}],"wp:attachment":[{"href":"https:\/\/www.ensapc.fr\/fr\/wp-json\/wp\/v2\/media?parent=10232"}],"curies":[{"name":"wp","href":"https:\/\/api.w.org\/{rel}","templated":true}]}}