{"id":11354,"date":"2023-06-12T10:07:57","date_gmt":"2023-06-12T08:07:57","guid":{"rendered":"https:\/\/www.ensapc.fr\/?page_id=11354"},"modified":"2023-06-12T10:07:57","modified_gmt":"2023-06-12T08:07:57","slug":"vir-andres-hera-les-langues-de-la-pythie","status":"publish","type":"page","link":"https:\/\/www.ensapc.fr\/fr\/ygrec\/archives\/2023-2\/vir-andres-hera-les-langues-de-la-pythie\/","title":{"rendered":"VIR ANDRES HERA &#8211; LES LANGUES DE LA PYTHIE"},"content":{"rendered":"<div class=\"wpb-content-wrapper\"><p>[vc_row][vc_column][vc_single_image image=\u00a0\u00bb10923&Prime; img_size=\u00a0\u00bblarge\u00a0\u00bb add_caption=\u00a0\u00bbyes\u00a0\u00bb alignment=\u00a0\u00bbcenter\u00a0\u00bb][\/vc_column][\/vc_row][vc_row css=\u00a0\u00bb.vc_custom_1676554001390{padding-top: 20px !important;padding-right: 30px !important;padding-left: 30px !important;}\u00a0\u00bb][vc_column][vc_column_text]S&rsquo;appuyant sur un projet de recherche entam\u00e9 en 2019,<em> Les langues de la Pythie\u00a0<\/em>est la premi\u00e8re exposition individuelle de Vir Andres Hera en France. Au sein d&rsquo;une installation qui d\u00e9voile trois des six chapitres du film\u00a0<i class=\"ContentPasted0\">Le Daftar<\/i>, l\u2019artiste met en sc\u00e8ne le voyage atemporel et symbolique de quatre personnages. Iels\u00a0traversent des ruines datant de l\u2019\u00e2ge de bronze, une maison coloniale\u00a0abandonn\u00e9e, un monast\u00e8re enfoui dans le sable, un ancien port d\u2019esclave ;\u00a0autant de\u00a0lieux symptomatiques du pass\u00e9 colonial\u00a0de l\u2019Europe. Les histoires personnelles des personnages y c\u00f4toient celles,\u00a0collectives, des pays dont iels\u00a0sont issu\u00b7e\u00b7s, interrogeant les trajectoires migratoires,\u00a0les rep\u00e8res m\u00e9moriels, l&rsquo;intraductibilit\u00e9\u00a0des peines, des communions et des mani\u00e8res de percevoir et de retranscrire le temps.<\/p>\n<p>N\u00e9\u00b7e \u00e0 Yauhquemehcan (Mexique) en 1990, <strong>Vir Andres Hera <\/strong>vit et travaille en France. Dipl\u00f4m\u00e9\u00b7e du MO.CO\u00a0Esba\u00a0(2015) et du Fresnoy studio national des arts contemporains (2020), l&rsquo;artiste est\u00a0actuellement doctorant\u00b7e \u00e0 l\u2019Universit\u00e9 du Qu\u00e9bec (Montr\u00e9al) et enseigne\u00a0\u00e0 l\u2019ESAAA &#8211; \u00e9cole sup\u00e9rieure d\u2019art Annecy-Alpes. Entre 2015 et 2016, iel a \u00e9t\u00e9 r\u00e9sident\u00b7e\u00a0de la Casa de Vel\u00e1zquez \u00e0 Madrid.\u00a0En 2019, iel rejoint le comit\u00e9 \u00e9ditorial de <em>Qalqalah<\/em>.\u00a0Son travail a \u00e9t\u00e9 r\u00e9cemment pr\u00e9sent\u00e9 \u00e0 : HKW, Berlin (2022), Le Salon de Montrouge (2022), La Ga\u00eet\u00e9 Lyrique, Paris (2022); Art by Translation, Les Laboratoires d&rsquo;Aubervilliers\u00a0(2022),\u00a0Dare-Dare, Montr\u00e9al (2021),\u00a0MUCEM, Marseille (2021).[\/vc_column_text][vc_column_text]Commissariat : Guillaume Breton.<\/p>\n<p>Le Daftar est un projet produit par CHINAMPA et M\u00e9c\u00e8nes du Sud Montpellier-S\u00e8te et soutenu par MO.CO Montpellier Contemporain, Dejonghe Film production, Triangle-Ast\u00e9rides France, Camescoop Belgium, CAC Torres Vedras, Camara municipal de Torres Vedras, Art by Translation, La Box &#8211; ENSA Bourges, Ygrec-ENSAPC, Les Tanneries &#8211; Amilly.[\/vc_column_text][\/vc_column][\/vc_row][vc_row][vc_column][vc_empty_space][\/vc_column][\/vc_row][vc_row css=\u00a0\u00bb.vc_custom_1683815975255{padding-left: 40px !important;}\u00a0\u00bb][vc_column][vc_btn title=\u00a0\u00bb\u00c0 propos du Daftar\u00a0\u00bb link=\u00a0\u00bburl:https%3A%2F%2Fwww.ensapc.fr%2Ffr%2Fa-propos-du-daftar-par-vir-andres-hera%2F|target:_blank\u00a0\u00bb][\/vc_column][\/vc_row][vc_row][vc_column][vc_empty_space height=\u00a0\u00bb20px\u00a0\u00bb][\/vc_column][\/vc_row][vc_row css=\u00a0\u00bb.vc_custom_1683815983026{padding-left: 40px !important;}\u00a0\u00bb][vc_column][vc_btn title=\u00a0\u00bbT\u00e9l\u00e9charger le dossier de presse de l&rsquo;exposition\u00a0\u00bb link=\u00a0\u00bburl:https%3A%2F%2Fwww.ensapc.fr%2Fwp-content%2Fuploads%2F2023%2F05%2FFR_DP_LES-LANGUES-DE-LA-PYTHIE_YGREC_2023-VF.pdf|target:_blank\u00a0\u00bb][\/vc_column][\/vc_row][vc_row][vc_column][vc_empty_space height=\u00a0\u00bb60px\u00a0\u00bb][\/vc_column][\/vc_row][vc_row][vc_column][vc_column_text]<div class=\"carousel-slider-outer carousel-slider-outer-image-carousel carousel-slider-outer-11118\" style=\"--carousel-slider-nav-color:#f1f1f1;--carousel-slider-active-nav-color:#00d1b2;--carousel-slider-arrow-size:48px;--carousel-slider-bullet-size:10px\">\n<div id=\"&#039;id-11118\" class=\"carousel-slider carousel-slider-11118 arrows-visibility-hover dots-visibility-never arrows-outside dots-center dots-circle owl-carousel\" data-slide-type=\"image-carousel\" data-owl-settings='{\"nav\":true,\"dots\":false,\"slideBy\":1,\"stagePadding\":0,\"margin\":50,\"loop\":true,\"lazyLoad\":false,\"autoplay\":true,\"autoplayTimeout\":5000,\"autoplaySpeed\":500,\"autoplayHoverPause\":true,\"autoWidth\":false,\"responsive\":{\"300\":{\"items\":1},\"576\":{\"items\":1},\"768\":{\"items\":1},\"1024\":{\"items\":1},\"1280\":{\"items\":1},\"1536\":{\"items\":1}}}'>\n<div class=\"carousel-slider__item\">\n\t<img decoding=\"async\" width=\"640\" height=\"441\" src=\"https:\/\/www.ensapc.fr\/wp-content\/uploads\/2023\/04\/494A5165-1-768x529.jpg\" class=\"attachment-medium_large size-medium_large\" alt=\"\" srcset=\"https:\/\/www.ensapc.fr\/wp-content\/uploads\/2023\/04\/494A5165-1-768x529.jpg 768w, https:\/\/www.ensapc.fr\/wp-content\/uploads\/2023\/04\/494A5165-1-300x207.jpg 300w, https:\/\/www.ensapc.fr\/wp-content\/uploads\/2023\/04\/494A5165-1-1024x705.jpg 1024w, https:\/\/www.ensapc.fr\/wp-content\/uploads\/2023\/04\/494A5165-1-1536x1058.jpg 1536w, https:\/\/www.ensapc.fr\/wp-content\/uploads\/2023\/04\/494A5165-1-2048x1410.jpg 2048w\" sizes=\"(max-width: 640px) 100vw, 640px\" \/><div class=\"carousel-slider__caption\"><p class=\"caption\">Vir Andres Hera, Les Langues de la Pythie, Centre d\u2019art Ygrec-ENSAPC, 2023. Photo : Objets Pointus.<\/p><\/div><\/a><\/div>\n\n<div class=\"carousel-slider__item\">\n\t<img decoding=\"async\" width=\"640\" height=\"431\" src=\"https:\/\/www.ensapc.fr\/wp-content\/uploads\/2023\/04\/494A5171-768x517.jpg\" class=\"attachment-medium_large size-medium_large\" alt=\"\" srcset=\"https:\/\/www.ensapc.fr\/wp-content\/uploads\/2023\/04\/494A5171-768x517.jpg 768w, https:\/\/www.ensapc.fr\/wp-content\/uploads\/2023\/04\/494A5171-300x202.jpg 300w, https:\/\/www.ensapc.fr\/wp-content\/uploads\/2023\/04\/494A5171-1024x690.jpg 1024w, https:\/\/www.ensapc.fr\/wp-content\/uploads\/2023\/04\/494A5171-1536x1035.jpg 1536w, https:\/\/www.ensapc.fr\/wp-content\/uploads\/2023\/04\/494A5171-2048x1379.jpg 2048w\" sizes=\"(max-width: 640px) 100vw, 640px\" \/><div class=\"carousel-slider__caption\"><p class=\"caption\">Vir Andres Hera, Les Langues de la Pythie, Centre d\u2019art Ygrec-ENSAPC, 2023. Photo : Objets Pointus.<\/p><\/div><\/a><\/div>\n\n<div class=\"carousel-slider__item\">\n\t<img decoding=\"async\" width=\"640\" height=\"465\" src=\"https:\/\/www.ensapc.fr\/wp-content\/uploads\/2023\/04\/494A5173-768x558.jpg\" class=\"attachment-medium_large size-medium_large\" alt=\"\" srcset=\"https:\/\/www.ensapc.fr\/wp-content\/uploads\/2023\/04\/494A5173-768x558.jpg 768w, https:\/\/www.ensapc.fr\/wp-content\/uploads\/2023\/04\/494A5173-300x218.jpg 300w, https:\/\/www.ensapc.fr\/wp-content\/uploads\/2023\/04\/494A5173-1024x744.jpg 1024w, https:\/\/www.ensapc.fr\/wp-content\/uploads\/2023\/04\/494A5173-1536x1116.jpg 1536w, https:\/\/www.ensapc.fr\/wp-content\/uploads\/2023\/04\/494A5173-2048x1487.jpg 2048w\" sizes=\"(max-width: 640px) 100vw, 640px\" \/><div class=\"carousel-slider__caption\"><p class=\"caption\">Vir Andres Hera, Les Langues de la Pythie, Centre d\u2019art Ygrec-ENSAPC, 2023. Photo : Objets Pointus.<\/p><\/div><\/a><\/div>\n\n<div class=\"carousel-slider__item\">\n\t<img decoding=\"async\" width=\"640\" height=\"427\" src=\"https:\/\/www.ensapc.fr\/wp-content\/uploads\/2023\/04\/Vir-Andres-Hera_Les-langues-de-la-Pythie_Vue-d_installation_CentredartYgrec-ENSAPC_5208-1-768x512.jpg\" class=\"attachment-medium_large size-medium_large\" alt=\"\" srcset=\"https:\/\/www.ensapc.fr\/wp-content\/uploads\/2023\/04\/Vir-Andres-Hera_Les-langues-de-la-Pythie_Vue-d_installation_CentredartYgrec-ENSAPC_5208-1-768x512.jpg 768w, https:\/\/www.ensapc.fr\/wp-content\/uploads\/2023\/04\/Vir-Andres-Hera_Les-langues-de-la-Pythie_Vue-d_installation_CentredartYgrec-ENSAPC_5208-1-300x200.jpg 300w, https:\/\/www.ensapc.fr\/wp-content\/uploads\/2023\/04\/Vir-Andres-Hera_Les-langues-de-la-Pythie_Vue-d_installation_CentredartYgrec-ENSAPC_5208-1-1024x683.jpg 1024w, https:\/\/www.ensapc.fr\/wp-content\/uploads\/2023\/04\/Vir-Andres-Hera_Les-langues-de-la-Pythie_Vue-d_installation_CentredartYgrec-ENSAPC_5208-1-1536x1024.jpg 1536w, https:\/\/www.ensapc.fr\/wp-content\/uploads\/2023\/04\/Vir-Andres-Hera_Les-langues-de-la-Pythie_Vue-d_installation_CentredartYgrec-ENSAPC_5208-1-2048x1365.jpg 2048w\" sizes=\"(max-width: 640px) 100vw, 640px\" \/><div class=\"carousel-slider__caption\"><p class=\"caption\">Vir Andres Hera, Les Langues de la Pythie, Centre d\u2019art Ygrec-ENSAPC, 2023. Photo : Objets Pointus.<\/p><\/div><\/a><\/div>\n\n<div class=\"carousel-slider__item\">\n\t<img decoding=\"async\" width=\"640\" height=\"440\" src=\"https:\/\/www.ensapc.fr\/wp-content\/uploads\/2023\/04\/494A5212-1-768x528.jpg\" class=\"attachment-medium_large size-medium_large\" alt=\"\" srcset=\"https:\/\/www.ensapc.fr\/wp-content\/uploads\/2023\/04\/494A5212-1-768x528.jpg 768w, https:\/\/www.ensapc.fr\/wp-content\/uploads\/2023\/04\/494A5212-1-300x206.jpg 300w, https:\/\/www.ensapc.fr\/wp-content\/uploads\/2023\/04\/494A5212-1-1024x704.jpg 1024w, https:\/\/www.ensapc.fr\/wp-content\/uploads\/2023\/04\/494A5212-1-1536x1056.jpg 1536w, https:\/\/www.ensapc.fr\/wp-content\/uploads\/2023\/04\/494A5212-1-2048x1408.jpg 2048w\" sizes=\"(max-width: 640px) 100vw, 640px\" \/><div class=\"carousel-slider__caption\"><p class=\"caption\">Vir Andres Hera, Les Langues de la Pythie, Centre d\u2019art Ygrec-ENSAPC, 2023. Photo : Objets Pointus.<\/p><\/div><\/a><\/div>\n\n<div class=\"carousel-slider__item\">\n\t<img decoding=\"async\" width=\"640\" height=\"427\" src=\"https:\/\/www.ensapc.fr\/wp-content\/uploads\/2023\/04\/494A5211-768x512.jpg\" class=\"attachment-medium_large size-medium_large\" alt=\"\" srcset=\"https:\/\/www.ensapc.fr\/wp-content\/uploads\/2023\/04\/494A5211-768x512.jpg 768w, https:\/\/www.ensapc.fr\/wp-content\/uploads\/2023\/04\/494A5211-300x200.jpg 300w, https:\/\/www.ensapc.fr\/wp-content\/uploads\/2023\/04\/494A5211-1024x683.jpg 1024w, https:\/\/www.ensapc.fr\/wp-content\/uploads\/2023\/04\/494A5211-1536x1024.jpg 1536w, https:\/\/www.ensapc.fr\/wp-content\/uploads\/2023\/04\/494A5211-2048x1365.jpg 2048w\" sizes=\"(max-width: 640px) 100vw, 640px\" \/><div class=\"carousel-slider__caption\"><p class=\"caption\">Vir Andres Hera, Les Langues de la Pythie, Centre d\u2019art Ygrec-ENSAPC, 2023. Photo : Objets Pointus.<\/p><\/div><\/a><\/div>\n\n<div class=\"carousel-slider__item\">\n\t<img decoding=\"async\" width=\"640\" height=\"427\" src=\"https:\/\/www.ensapc.fr\/wp-content\/uploads\/2023\/04\/494A5203-1-768x512.jpg\" class=\"attachment-medium_large size-medium_large\" alt=\"\" srcset=\"https:\/\/www.ensapc.fr\/wp-content\/uploads\/2023\/04\/494A5203-1-768x512.jpg 768w, https:\/\/www.ensapc.fr\/wp-content\/uploads\/2023\/04\/494A5203-1-300x200.jpg 300w, https:\/\/www.ensapc.fr\/wp-content\/uploads\/2023\/04\/494A5203-1-1024x683.jpg 1024w, https:\/\/www.ensapc.fr\/wp-content\/uploads\/2023\/04\/494A5203-1-1536x1024.jpg 1536w, https:\/\/www.ensapc.fr\/wp-content\/uploads\/2023\/04\/494A5203-1-2048x1365.jpg 2048w\" sizes=\"(max-width: 640px) 100vw, 640px\" \/><div class=\"carousel-slider__caption\"><p class=\"caption\">Vir Andres Hera, Les Langues de la Pythie, Centre d\u2019art Ygrec-ENSAPC, 2023. Photo : Objets Pointus.<\/p><\/div><\/a><\/div>\n\n<div class=\"carousel-slider__item\">\n\t<img decoding=\"async\" width=\"640\" height=\"427\" src=\"https:\/\/www.ensapc.fr\/wp-content\/uploads\/2023\/04\/494A5202-768x512.jpg\" class=\"attachment-medium_large size-medium_large\" alt=\"\" srcset=\"https:\/\/www.ensapc.fr\/wp-content\/uploads\/2023\/04\/494A5202-768x512.jpg 768w, https:\/\/www.ensapc.fr\/wp-content\/uploads\/2023\/04\/494A5202-300x200.jpg 300w, https:\/\/www.ensapc.fr\/wp-content\/uploads\/2023\/04\/494A5202-1024x683.jpg 1024w, https:\/\/www.ensapc.fr\/wp-content\/uploads\/2023\/04\/494A5202-1536x1024.jpg 1536w, https:\/\/www.ensapc.fr\/wp-content\/uploads\/2023\/04\/494A5202-2048x1365.jpg 2048w\" sizes=\"(max-width: 640px) 100vw, 640px\" \/><div class=\"carousel-slider__caption\"><p class=\"caption\">Vir Andres Hera, Les Langues de la Pythie, Centre d\u2019art Ygrec-ENSAPC, 2023. Photo : Objets Pointus.<\/p><\/div><\/a><\/div>\n\n<div class=\"carousel-slider__item\">\n\t<img decoding=\"async\" width=\"640\" height=\"451\" src=\"https:\/\/www.ensapc.fr\/wp-content\/uploads\/2023\/04\/494A5200-1-768x541.jpg\" class=\"attachment-medium_large size-medium_large\" alt=\"\" srcset=\"https:\/\/www.ensapc.fr\/wp-content\/uploads\/2023\/04\/494A5200-1-768x541.jpg 768w, https:\/\/www.ensapc.fr\/wp-content\/uploads\/2023\/04\/494A5200-1-300x211.jpg 300w, https:\/\/www.ensapc.fr\/wp-content\/uploads\/2023\/04\/494A5200-1-1024x721.jpg 1024w, https:\/\/www.ensapc.fr\/wp-content\/uploads\/2023\/04\/494A5200-1-1536x1082.jpg 1536w, https:\/\/www.ensapc.fr\/wp-content\/uploads\/2023\/04\/494A5200-1-2048x1443.jpg 2048w\" sizes=\"(max-width: 640px) 100vw, 640px\" \/><div class=\"carousel-slider__caption\"><p class=\"caption\">Vir Andres Hera, Les Langues de la Pythie, Centre d\u2019art Ygrec-ENSAPC, 2023. Photo : Objets Pointus.<\/p><\/div><\/a><\/div>\n\n<div class=\"carousel-slider__item\">\n\t<img decoding=\"async\" width=\"640\" height=\"439\" src=\"https:\/\/www.ensapc.fr\/wp-content\/uploads\/2023\/04\/494A5187-768x527.jpg\" class=\"attachment-medium_large size-medium_large\" alt=\"\" srcset=\"https:\/\/www.ensapc.fr\/wp-content\/uploads\/2023\/04\/494A5187-768x527.jpg 768w, https:\/\/www.ensapc.fr\/wp-content\/uploads\/2023\/04\/494A5187-300x206.jpg 300w, https:\/\/www.ensapc.fr\/wp-content\/uploads\/2023\/04\/494A5187-1024x703.jpg 1024w, https:\/\/www.ensapc.fr\/wp-content\/uploads\/2023\/04\/494A5187-1536x1055.jpg 1536w, https:\/\/www.ensapc.fr\/wp-content\/uploads\/2023\/04\/494A5187-2048x1406.jpg 2048w\" sizes=\"(max-width: 640px) 100vw, 640px\" \/><div class=\"carousel-slider__caption\"><p class=\"caption\">Vir Andres Hera, Les Langues de la Pythie, Centre d\u2019art Ygrec-ENSAPC, 2023. Photo : Objets Pointus.<\/p><\/div><\/a><\/div>\n\n<div class=\"carousel-slider__item\">\n\t<img decoding=\"async\" width=\"640\" height=\"435\" src=\"https:\/\/www.ensapc.fr\/wp-content\/uploads\/2023\/04\/494A5185-768x522.jpg\" class=\"attachment-medium_large size-medium_large\" alt=\"\" srcset=\"https:\/\/www.ensapc.fr\/wp-content\/uploads\/2023\/04\/494A5185-768x522.jpg 768w, https:\/\/www.ensapc.fr\/wp-content\/uploads\/2023\/04\/494A5185-300x204.jpg 300w, https:\/\/www.ensapc.fr\/wp-content\/uploads\/2023\/04\/494A5185-1024x696.jpg 1024w, https:\/\/www.ensapc.fr\/wp-content\/uploads\/2023\/04\/494A5185-1536x1044.jpg 1536w, https:\/\/www.ensapc.fr\/wp-content\/uploads\/2023\/04\/494A5185-2048x1392.jpg 2048w\" sizes=\"(max-width: 640px) 100vw, 640px\" \/><div class=\"carousel-slider__caption\"><p class=\"caption\">Vir Andres Hera, Les Langues de la Pythie, Centre d\u2019art Ygrec-ENSAPC, 2023. Photo : Objets Pointus.<\/p><\/div><\/a><\/div>\n\n<div class=\"carousel-slider__item\">\n\t<img decoding=\"async\" width=\"640\" height=\"427\" src=\"https:\/\/www.ensapc.fr\/wp-content\/uploads\/2023\/04\/494A5181-768x512.jpg\" class=\"attachment-medium_large size-medium_large\" alt=\"\" srcset=\"https:\/\/www.ensapc.fr\/wp-content\/uploads\/2023\/04\/494A5181-768x512.jpg 768w, https:\/\/www.ensapc.fr\/wp-content\/uploads\/2023\/04\/494A5181-300x200.jpg 300w, https:\/\/www.ensapc.fr\/wp-content\/uploads\/2023\/04\/494A5181-1024x683.jpg 1024w, https:\/\/www.ensapc.fr\/wp-content\/uploads\/2023\/04\/494A5181-1536x1024.jpg 1536w, https:\/\/www.ensapc.fr\/wp-content\/uploads\/2023\/04\/494A5181-2048x1365.jpg 2048w\" sizes=\"(max-width: 640px) 100vw, 640px\" \/><div class=\"carousel-slider__caption\"><p class=\"caption\">Vir Andres Hera, Les Langues de la Pythie, Centre d\u2019art Ygrec-ENSAPC, 2023. Photo : Objets Pointus.<\/p><\/div><\/a><\/div>\n\n<div class=\"carousel-slider__item\">\n\t<img decoding=\"async\" width=\"640\" height=\"427\" src=\"https:\/\/www.ensapc.fr\/wp-content\/uploads\/2023\/04\/494A5178-768x512.jpg\" class=\"attachment-medium_large size-medium_large\" alt=\"\" srcset=\"https:\/\/www.ensapc.fr\/wp-content\/uploads\/2023\/04\/494A5178-768x512.jpg 768w, https:\/\/www.ensapc.fr\/wp-content\/uploads\/2023\/04\/494A5178-300x200.jpg 300w, https:\/\/www.ensapc.fr\/wp-content\/uploads\/2023\/04\/494A5178-1024x683.jpg 1024w, https:\/\/www.ensapc.fr\/wp-content\/uploads\/2023\/04\/494A5178-1536x1024.jpg 1536w, https:\/\/www.ensapc.fr\/wp-content\/uploads\/2023\/04\/494A5178-2048x1365.jpg 2048w\" sizes=\"(max-width: 640px) 100vw, 640px\" \/><div class=\"carousel-slider__caption\"><p class=\"caption\">Vir Andres Hera, Les Langues de la Pythie, Centre d\u2019art Ygrec-ENSAPC, 2023. Photo : Objets Pointus.<\/p><\/div><\/a><\/div>\n\n<\/div><!-- .carousel-slider-11118 -->\n<\/div><!-- .carousel-slider-outer-11118 -->\n[\/vc_column_text][\/vc_column][\/vc_row][vc_row][vc_column][vc_single_image image=\u00a0\u00bb11296&Prime; img_size=\u00a0\u00bblarge\u00a0\u00bb alignment=\u00a0\u00bbcenter\u00a0\u00bb][\/vc_column][\/vc_row]<\/p>\n<\/div>","protected":false},"excerpt":{"rendered":"<p>[vc_row][vc_column][vc_single_image image=\u00a0\u00bb10923&Prime; img_size=\u00a0\u00bblarge\u00a0\u00bb add_caption=\u00a0\u00bbyes\u00a0\u00bb alignment=\u00a0\u00bbcenter\u00a0\u00bb][\/vc_column][\/vc_row][vc_row css=\u00a0\u00bb.vc_custom_1676554001390{padding-top: 20px !important;padding-right: 30px !important;padding-left: 30px !important;}\u00a0\u00bb][vc_column][vc_column_text]S&rsquo;appuyant sur un projet de recherche entam\u00e9 en 2019, Les langues de la Pythie\u00a0est la premi\u00e8re exposition individuelle de Vir Andres Hera en France. Au sein d&rsquo;une installation qui d\u00e9voile trois des six chapitres du film\u00a0Le Daftar, l\u2019artiste met en sc\u00e8ne le voyage atemporel&#8230;  <a class=\"excerpt-read-more\" href=\"https:\/\/www.ensapc.fr\/fr\/ygrec\/archives\/2023-2\/vir-andres-hera-les-langues-de-la-pythie\/\" title=\"Read VIR ANDRES HERA &#8211; LES LANGUES DE LA PYTHIE\">Lire la suite &raquo;<\/a><\/p>\n","protected":false},"author":1,"featured_media":0,"parent":10766,"menu_order":456,"comment_status":"closed","ping_status":"closed","template":"","meta":{"footnotes":""},"class_list":["post-11354","page","type-page","status-publish","hentry"],"_links":{"self":[{"href":"https:\/\/www.ensapc.fr\/fr\/wp-json\/wp\/v2\/pages\/11354","targetHints":{"allow":["GET"]}}],"collection":[{"href":"https:\/\/www.ensapc.fr\/fr\/wp-json\/wp\/v2\/pages"}],"about":[{"href":"https:\/\/www.ensapc.fr\/fr\/wp-json\/wp\/v2\/types\/page"}],"author":[{"embeddable":true,"href":"https:\/\/www.ensapc.fr\/fr\/wp-json\/wp\/v2\/users\/1"}],"replies":[{"embeddable":true,"href":"https:\/\/www.ensapc.fr\/fr\/wp-json\/wp\/v2\/comments?post=11354"}],"version-history":[{"count":1,"href":"https:\/\/www.ensapc.fr\/fr\/wp-json\/wp\/v2\/pages\/11354\/revisions"}],"predecessor-version":[{"id":11355,"href":"https:\/\/www.ensapc.fr\/fr\/wp-json\/wp\/v2\/pages\/11354\/revisions\/11355"}],"up":[{"embeddable":true,"href":"https:\/\/www.ensapc.fr\/fr\/wp-json\/wp\/v2\/pages\/10766"}],"wp:attachment":[{"href":"https:\/\/www.ensapc.fr\/fr\/wp-json\/wp\/v2\/media?parent=11354"}],"curies":[{"name":"wp","href":"https:\/\/api.w.org\/{rel}","templated":true}]}}