{"id":36,"date":"2016-08-29T18:56:02","date_gmt":"2016-08-29T16:56:02","guid":{"rendered":"https:\/\/www.ensapc.fr\/fr\/?page_id=36"},"modified":"2026-04-14T11:35:48","modified_gmt":"2026-04-14T09:35:48","slug":"recrutements","status":"publish","type":"page","link":"https:\/\/www.ensapc.fr\/fr\/ecole\/recrutements\/","title":{"rendered":"Recrutements"},"content":{"rendered":"<div class=\"wpb-content-wrapper\"><p>[vc_row][vc_column][vc_column_text css=\u00a0\u00bb\u00a0\u00bb]<strong>Tous les postes du Minist\u00e8re de la culture et de ses \u00e9tablissements sont ouverts aux personnes reconnues comme travailleur\u00b7euse handicap\u00e9\u00b7e<\/strong>[\/vc_column_text][\/vc_column][\/vc_row][vc_row][vc_column][vc_column_text css=\u00a0\u00bb\u00a0\u00bb]<\/p>\n<h3 class=\"fr-mb-0\">Secr\u00e9taire g\u00e9n\u00e9ral\u00b7e &#8211; ENSAPC (95)<\/h3>\n<p><strong>R\u00e9sum\u00e9 de la mission :<\/strong> Sous l\u2019autorit\u00e9 de la directrice, le secr\u00e9taire g\u00e9n\u00e9ral assure le pilotage administratif, la gestion financi\u00e8re, RH et juridique de l\u2019\u00e9tablissement. Poste strat\u00e9gique, il veille au bon fonctionnement de l\u2019\u00c9cole, \u00e0 l\u2019am\u00e9lioration des proc\u00e9dures et \u00e0 la pr\u00e9paration du d\u00e9m\u00e9nagement vers la nouvelle \u00e9cole (automne 2026). Il peut repr\u00e9senter la directrice aupr\u00e8s des partenaires et tutelle.<\/p>\n<p class=\"fr-mt-8w\"><strong>Profil recherch\u00e9 :<\/strong><br \/>\nFormation et exp\u00e9rience (Expert)<br \/>\n&#8211; Formation sup\u00e9rieure (Bac +5) en administration publique, gestion, finances ou gestion culturelle ;<br \/>\n&#8211; Exp\u00e9rience confirm\u00e9e dans un poste \u00e0 responsabilit\u00e9 \u00e9quivalente, de pr\u00e9f\u00e9rence dans un \u00e9tablissement public ou culturel ;<br \/>\n&#8211; Solide exp\u00e9rience en gestion budg\u00e9taire, comptable, financi\u00e8re, RH et juridique.<\/p>\n<p><strong>Comp\u00e9tences attendues (Expert) :<\/strong><br \/>\n&#8211; Tr\u00e8s bonne ma\u00eetrise des environnements juridique, social, fiscal et institutionnel d\u2019un \u00e9tablissement public ;<br \/>\n&#8211; Excellentes capacit\u00e9s de pilotage budg\u00e9taire, d\u2019analyse, de synth\u00e8se et de reporting ;<br \/>\n&#8211; Ma\u00eetrise de la gestion des ressources humaines et aptitude au management d\u2019\u00e9quipes et au dialogue social ;<br \/>\n&#8211; Bonne connaissance des m\u00e9canismes de financement publics \/ priv\u00e9s ;<br \/>\n&#8211; Parfaite ma\u00eetrise des outils bureautiques et de gestion (Excel avanc\u00e9) ;<br \/>\n&#8211; Bonne connaissance du milieu culturel, artistique et de l\u2019enseignement sup\u00e9rieur, appr\u00e9ci\u00e9e ;<br \/>\n&#8211; Ma\u00eetrise de l\u2019anglais requise et de toute autre langue appr\u00e9ci\u00e9e.<\/p>\n<p><strong>Date limite de candidature :\u00a0 <\/strong>27\/04\/2026[\/vc_column_text][vc_btn title=\u00a0\u00bbT\u00e9l\u00e9charger la fiche de poste\u00a0\u00bb css=\u00a0\u00bb.vc_custom_1776156270271{padding-left: 30px !important;}\u00a0\u00bb link=\u00a0\u00bburl:https%3A%2F%2Fwww.ensapc.fr%2Fwp-content%2Fuploads%2F2026%2F04%2FSecretaire-General%C2%B7e-fiche-de-poste-2026.pdf\u00a0\u00bb][vc_btn title=\u00a0\u00bbPostuler\u00a0\u00bb css=\u00a0\u00bb.vc_custom_1776156275701{padding-left: 30px !important;}\u00a0\u00bb link=\u00a0\u00bburl:https%3A%2F%2Fchoisirleservicepublic.gouv.fr%2Foffre-emploi%2Fsecretaire-general&#8212;ensapc-95-reference-2025-2104336%2F\u00a0\u00bb][\/vc_column][\/vc_row][vc_row][vc_column][vc_empty_space height=\u00a0\u00bb132px\u00a0\u00bb][\/vc_column][\/vc_row]<\/p>\n<\/div>","protected":false},"excerpt":{"rendered":"<p>[vc_row][vc_column][vc_column_text css=\u00a0\u00bb\u00a0\u00bb]Tous les postes du Minist\u00e8re de la culture et de ses \u00e9tablissements sont ouverts aux personnes reconnues comme travailleur\u00b7euse handicap\u00e9\u00b7e[\/vc_column_text][\/vc_column][\/vc_row][vc_row][vc_column][vc_column_text css=\u00a0\u00bb\u00a0\u00bb] Secr\u00e9taire g\u00e9n\u00e9ral\u00b7e &#8211; ENSAPC (95) R\u00e9sum\u00e9 de la mission : Sous l\u2019autorit\u00e9 de la directrice, le secr\u00e9taire g\u00e9n\u00e9ral assure le pilotage administratif, la gestion financi\u00e8re, RH et juridique de l\u2019\u00e9tablissement. Poste strat\u00e9gique, il&#8230;  <a class=\"excerpt-read-more\" href=\"https:\/\/www.ensapc.fr\/fr\/ecole\/recrutements\/\" title=\"Read Recrutements\">Lire la suite &raquo;<\/a><\/p>\n","protected":false},"author":1,"featured_media":0,"parent":6,"menu_order":230,"comment_status":"closed","ping_status":"closed","template":"","meta":{"footnotes":""},"class_list":["post-36","page","type-page","status-publish","hentry"],"_links":{"self":[{"href":"https:\/\/www.ensapc.fr\/fr\/wp-json\/wp\/v2\/pages\/36","targetHints":{"allow":["GET"]}}],"collection":[{"href":"https:\/\/www.ensapc.fr\/fr\/wp-json\/wp\/v2\/pages"}],"about":[{"href":"https:\/\/www.ensapc.fr\/fr\/wp-json\/wp\/v2\/types\/page"}],"author":[{"embeddable":true,"href":"https:\/\/www.ensapc.fr\/fr\/wp-json\/wp\/v2\/users\/1"}],"replies":[{"embeddable":true,"href":"https:\/\/www.ensapc.fr\/fr\/wp-json\/wp\/v2\/comments?post=36"}],"version-history":[{"count":26,"href":"https:\/\/www.ensapc.fr\/fr\/wp-json\/wp\/v2\/pages\/36\/revisions"}],"predecessor-version":[{"id":393,"href":"https:\/\/www.ensapc.fr\/fr\/wp-json\/wp\/v2\/pages\/36\/revisions\/393"}],"up":[{"embeddable":true,"href":"https:\/\/www.ensapc.fr\/fr\/wp-json\/wp\/v2\/pages\/6"}],"wp:attachment":[{"href":"https:\/\/www.ensapc.fr\/fr\/wp-json\/wp\/v2\/media?parent=36"}],"curies":[{"name":"wp","href":"https:\/\/api.w.org\/{rel}","templated":true}]}}