{"id":538,"date":"2016-10-07T13:11:44","date_gmt":"2016-10-07T11:11:44","guid":{"rendered":"https:\/\/www.ensapc.fr\/fr\/?page_id=538"},"modified":"2016-10-07T13:11:44","modified_gmt":"2016-10-07T11:11:44","slug":"jerome-combier","status":"publish","type":"page","link":"https:\/\/www.ensapc.fr\/fr\/jerome-combier\/","title":{"rendered":"J\u00c9R\u00d4ME COMBIER"},"content":{"rendered":"<div class=\"wpb-content-wrapper\"><p>[vc_row][vc_column][vc_column_text]Compositeur et directeur artistique de l\u2019ensemble Cairn. Dipl\u00f4m\u00e9 du CNSM de Paris dans les classes de composition (Emmanuel Nunes), d\u2019orchestration et d\u2019analyse musicale. Ma\u00eetrise &#8211; Le principe de variation chez Anton Webern &#8211; \u00e0 l\u2019universit\u00e9 Paris 8, Saint-Denis, sous la direction d\u2019Antoine Bonnet. Pensionnaire \u00e0 la Villa M\u00e9dicis, prix de la Fondation Bleustein- Blanchet, prix Pierre Cardin de l\u2019Acad\u00e9mie des Beaux-Arts. J\u00e9r\u00f4me Combier travaille r\u00e9guli\u00e8rement \u00e0 l\u2019IRCAM (St\u00e8les d\u2019air, Gone). Voyage au Japon (Akiyoshida\u00ef Iternational Art Village), au Kazakhstan et en Ouzb\u00e9kistan (Conservatoires de Tashkent et d\u2019Almaty). En 2008 il est professeur pour la session de composition de l\u2019Abbaye de Royaumont. En 2005, il imagine Vies Silencieuses avec le peintre Rapha\u00ebl Thierry et en 2008, l\u2019installation Noir Gris avec le vid\u00e9aste Pierre Nouvel pour l\u2019exposition \u00abBeckett\u00bb au Centre Georges Pompidou. Il \u00e9crit St\u00e8les d\u2019air pour l\u2019Ensemble Intercontemporain et le Festival d\u2019Automne \u00e0 Paris. Sa musique est jou\u00e9e au Louvre dans le cadre du cycle \u00abLe Louvre invite Pierre Boulez\u00bb. En 2011, avec Pierre Nouvel et Bertrand Couderc, il adapte pour la sc\u00e8ne le roman de W.G. Sebald , Austerlitz, cr\u00e9e au Festival d\u2019Aix-en-Provence. En 2012, il \u00e9crit l\u2019op\u00e9ra Terre et cendres avec Atiq Rahimi. Op\u00e9ra de Lille, Op\u00e9ra de Lyon, Orchestre National de France, Orchestre National de Lyon, Ictus, 2e2m, Accroche Note, Orchestre de la BBC Pays de Galles, San Francisco Contemporary Music Players.<\/p>\n<p>La musique de J\u00e9r\u00f4me Combier est publi\u00e9e aux \u00e9ditions Lemoine et enregistr\u00e9e par les labels Motus et \u00c6on (vies silencieuses &#8211; grand prix de l\u2019Acad\u00e9mie Charles Cros).<\/p>\n<p>Disques :<br \/>\n&#8211; Pays de vent, par l\u2019ensemble Cairn et l\u2019Orchestre National de France, label Motus, 2001<br \/>\n&#8211; Vies silencieuses, par l\u2019ensemble Cairn, label \u00c6on, 2005[\/vc_column_text][vc_btn title=\u00a0\u00bbContact\u00a0\u00bb link=\u00a0\u00bburl:mailto%3Ajerome.combier%40ensapc.fr|||\u00a0\u00bb][vc_btn title=\u00a0\u00bbEn savoir plus\u00a0\u00bb link=\u00a0\u00bburl:http%3A%2F%2Fwww.ensemble-cairn.com%2F||target:%20_blank|\u00a0\u00bb][\/vc_column][\/vc_row]<\/p>\n<\/div>","protected":false},"excerpt":{"rendered":"<p>[vc_row][vc_column][vc_column_text]Compositeur et directeur artistique de l\u2019ensemble Cairn. Dipl\u00f4m\u00e9 du CNSM de Paris dans les classes de composition (Emmanuel Nunes), d\u2019orchestration et d\u2019analyse musicale. Ma\u00eetrise &#8211; Le principe de variation chez Anton Webern &#8211; \u00e0 l\u2019universit\u00e9 Paris 8, Saint-Denis, sous la direction d\u2019Antoine Bonnet. Pensionnaire \u00e0 la Villa M\u00e9dicis, prix de la Fondation Bleustein- Blanchet, prix&#8230;  <a class=\"excerpt-read-more\" href=\"https:\/\/www.ensapc.fr\/fr\/jerome-combier\/\" title=\"Read J\u00c9R\u00d4ME COMBIER\">Lire la suite &raquo;<\/a><\/p>\n","protected":false},"author":1,"featured_media":0,"parent":0,"menu_order":286,"comment_status":"closed","ping_status":"closed","template":"","meta":{"footnotes":""},"class_list":["post-538","page","type-page","status-publish","hentry"],"_links":{"self":[{"href":"https:\/\/www.ensapc.fr\/fr\/wp-json\/wp\/v2\/pages\/538","targetHints":{"allow":["GET"]}}],"collection":[{"href":"https:\/\/www.ensapc.fr\/fr\/wp-json\/wp\/v2\/pages"}],"about":[{"href":"https:\/\/www.ensapc.fr\/fr\/wp-json\/wp\/v2\/types\/page"}],"author":[{"embeddable":true,"href":"https:\/\/www.ensapc.fr\/fr\/wp-json\/wp\/v2\/users\/1"}],"replies":[{"embeddable":true,"href":"https:\/\/www.ensapc.fr\/fr\/wp-json\/wp\/v2\/comments?post=538"}],"version-history":[{"count":1,"href":"https:\/\/www.ensapc.fr\/fr\/wp-json\/wp\/v2\/pages\/538\/revisions"}],"predecessor-version":[{"id":548,"href":"https:\/\/www.ensapc.fr\/fr\/wp-json\/wp\/v2\/pages\/538\/revisions\/548"}],"wp:attachment":[{"href":"https:\/\/www.ensapc.fr\/fr\/wp-json\/wp\/v2\/media?parent=538"}],"curies":[{"name":"wp","href":"https:\/\/api.w.org\/{rel}","templated":true}]}}