{"id":5685,"date":"2020-05-28T10:09:28","date_gmt":"2020-05-28T08:09:28","guid":{"rendered":"https:\/\/www.ensapc.fr\/fr\/?page_id=5685"},"modified":"2022-03-31T16:08:01","modified_gmt":"2022-03-31T14:08:01","slug":"2018-2","status":"publish","type":"page","link":"https:\/\/www.ensapc.fr\/fr\/recherche\/archives\/2018-2\/","title":{"rendered":"2018"},"content":{"rendered":"<div class=\"wpb-content-wrapper\"><p>[vc_row gap=\u00a0\u00bb30&Prime;][vc_column width=\u00a0\u00bb1\/2&Prime;][vc_column_text]<strong>CREATOR DOCTUS<\/strong><\/p>\n<p>Depuis 2018, l\u2019ENSAPC est partenaire du projet europ\u00e9en Creator Doctus (CrD). A\u0300 l\u2019initiative de la Gerrit Rietveld Academie et de l\u2019organisation europe\u0301enne EQ-Arts, et re\u0301unissant la Glasgow School of Art, la Athens School of Fine Arts, la Vilnius Academy of Arts, la Royal Danish Academy of Fine Arts, la Merz Akademie et l\u2019Ecole nationale sup\u00e9rieure d\u2019arts de Paris Cergy, ce projet entend mener, sur la pe\u0301riode 2018-2021 une re\u0301flexion a\u0300 l&rsquo;e\u0301chelle europe\u0301enne sur le doctorat par la pratique artistique et produire des savoirs et des recommandations se nourrissant des exp\u00e9riences et expertises des \u00e9tablissements partenaires, europ\u00e9ens et internationaux.\u00a0Ce projet est financ\u00e9 par le programme Erasmus+ de l&rsquo;Union europ\u00e9enne. Des conf\u00e9rences (Ath\u00e8nes, mai 2019\u00a0; Paris, novembre 2019\u00a0; Amsterdam, 2021) et des s\u00e9minaires (Stuttgart, f\u00e9vrier 2020\u00a0; Nida, ao\u00fbt 2020) ont pour objectif de mettre en commun les pratiques existantes, d\u2019\u00e9changer sur les m\u00e9thodologies et de r\u00e9fl\u00e9chir \u00e0 la cr\u00e9ation d\u2019un r\u00e9f\u00e9rentiel europ\u00e9en.[\/vc_column_text][vc_column_text][\/vc_column_text][\/vc_column][vc_column width=\u00a0\u00bb1\/2&Prime;][vc_column_text]<b>PUBLICATION : ARCHIVES EN ACTE. ARTS PLASTIQUES, DANSE, PERFORMANCE<br \/>\n<\/b><\/p>\n<p class=\"font_titre titre color\"><em><span class=\"maj\">Parution\u00a0des actes du projet \u00ab\u00a0Replay, restitution, recr\u00e9ation. Pour une typologie de la reprise des archives.\u00a0\u00bb\u00a0<\/span><br \/>\nJuin 2018<\/em><\/p>\n<p>Comment r\u00e9aliser des \u0153uvres nouvelles, ou des \u0153uvres rejou\u00e9es, avec des \u0153uvres anciennes connues uniquement par des archives ? Comment le \u00ab\u00a0replay\u00a0\u00bb fait de la nouveaut\u00e9 et non de la simple r\u00e9p\u00e9tition ou reprise.<\/p>\n<p>Des archives aux formes multiples, conserv\u00e9es dans des institutions \u00e9galement multiples, gardent trace d\u2019\u0153uvres plastiques et chor\u00e9graphiques ou de performance, qu\u2019on ne conna\u00eet plus qu\u2019\u00e0 travers ces documents. Ce livre pr\u00e9sente, en une s\u00e9rie de cas concrets analys\u00e9s et illustr\u00e9s (50 illustrations), les modalit\u00e9s qu\u2019ont aujourd\u2019hui les artistes de se saisir de ces traces, apparemment mortes, pour (les interpr\u00e9ter et) en faire des cr\u00e9ations nouvelles.<\/p>\n<p><em>Ouvrage publi\u00e9 aux Presses universitaires de Vincennes, gr\u00e2ce au soutien des Archives nationales, du Labex Arts-H2H (ANR-10-LABX-80-01) et de l&rsquo;\u00c9quipe d&rsquo;accueil EA 4010 (Arts des images et art contemporain, AIAC, Universit\u00e9 Paris 8)<\/em><\/p>\n<h3><b>\u00a0<\/b><\/h3>\n<p>[\/vc_column_text][vc_row_inner][vc_column_inner][\/vc_column_inner][\/vc_row_inner][vc_row_inner][vc_column_inner][vc_column_text][\/vc_column_text][vc_column_text][\/vc_column_text][\/vc_column_inner][\/vc_row_inner][\/vc_column][\/vc_row][vc_row gap=\u00a0\u00bb30&Prime;][vc_column width=\u00a0\u00bb1\/2&Prime;][vc_row_inner][vc_column_inner][vc_column_text][\/vc_column_text][\/vc_column_inner][\/vc_row_inner][\/vc_column][vc_column width=\u00a0\u00bb1\/2&Prime;][vc_row_inner][vc_column_inner][vc_column_text][\/vc_column_text][\/vc_column_inner][\/vc_row_inner][\/vc_column][\/vc_row]<\/p>\n<\/div>","protected":false},"excerpt":{"rendered":"<p>[vc_row gap=\u00a0\u00bb30&Prime;][vc_column width=\u00a0\u00bb1\/2&Prime;][vc_column_text]CREATOR DOCTUS Depuis 2018, l\u2019ENSAPC est partenaire du projet europ\u00e9en Creator Doctus (CrD). A\u0300 l\u2019initiative de la Gerrit Rietveld Academie et de l\u2019organisation europe\u0301enne EQ-Arts, et re\u0301unissant la Glasgow School of Art, la Athens School of Fine Arts, la Vilnius Academy of Arts, la Royal Danish Academy of Fine Arts, la Merz Akademie&#8230;  <a class=\"excerpt-read-more\" href=\"https:\/\/www.ensapc.fr\/fr\/recherche\/archives\/2018-2\/\" title=\"Read 2018\">Lire la suite &raquo;<\/a><\/p>\n","protected":false},"author":1,"featured_media":0,"parent":4930,"menu_order":317,"comment_status":"closed","ping_status":"closed","template":"","meta":{"footnotes":""},"class_list":["post-5685","page","type-page","status-publish","hentry"],"_links":{"self":[{"href":"https:\/\/www.ensapc.fr\/fr\/wp-json\/wp\/v2\/pages\/5685","targetHints":{"allow":["GET"]}}],"collection":[{"href":"https:\/\/www.ensapc.fr\/fr\/wp-json\/wp\/v2\/pages"}],"about":[{"href":"https:\/\/www.ensapc.fr\/fr\/wp-json\/wp\/v2\/types\/page"}],"author":[{"embeddable":true,"href":"https:\/\/www.ensapc.fr\/fr\/wp-json\/wp\/v2\/users\/1"}],"replies":[{"embeddable":true,"href":"https:\/\/www.ensapc.fr\/fr\/wp-json\/wp\/v2\/comments?post=5685"}],"version-history":[{"count":5,"href":"https:\/\/www.ensapc.fr\/fr\/wp-json\/wp\/v2\/pages\/5685\/revisions"}],"predecessor-version":[{"id":9781,"href":"https:\/\/www.ensapc.fr\/fr\/wp-json\/wp\/v2\/pages\/5685\/revisions\/9781"}],"up":[{"embeddable":true,"href":"https:\/\/www.ensapc.fr\/fr\/wp-json\/wp\/v2\/pages\/4930"}],"wp:attachment":[{"href":"https:\/\/www.ensapc.fr\/fr\/wp-json\/wp\/v2\/media?parent=5685"}],"curies":[{"name":"wp","href":"https:\/\/api.w.org\/{rel}","templated":true}]}}