{"id":5764,"date":"2020-07-13T11:13:15","date_gmt":"2020-07-13T09:13:15","guid":{"rendered":"https:\/\/www.ensapc.fr\/fr\/?page_id=5764"},"modified":"2023-02-02T10:29:46","modified_gmt":"2023-02-02T09:29:46","slug":"2020-2","status":"publish","type":"page","link":"https:\/\/www.ensapc.fr\/fr\/ygrec\/archives\/2020-2\/","title":{"rendered":"2020"},"content":{"rendered":"<div class=\"wpb-content-wrapper\"><p>[vc_row gap=\u00a0\u00bb30&Prime;][vc_column width=\u00a0\u00bb1\/2&Prime;][vc_row_inner][vc_column_inner][vc_column_text]<em><strong>TO THOMAS<\/strong><br \/>\n<\/em><strong><br \/>\n<\/strong>du 24 octobre 2020 au 9 janvier 2021<\/p>\n<p>Avec : Jimmy Beauquesne, Bady Dalloul, Jesse Darling, Marijke De Roover, Ilya Fedotov-Fedorov, Olivia Hernai\u0308z, Candice Lin, Adrian Mabileau Ebrahimi Tajadod, Simon Martin, Dala Nasser, Jose\u0300fa Ntjam, Bassem Saad, Hanna Zubkova<\/p>\n<p>Commissaires : Lucas Morin &amp; Sasha Pevak<\/p>\n<p>L\u2019exposition\u00a0<em>to Thomas<\/em>\u00a0de\u0301veloppe des re\u0301cits d\u2019attachement, de de\u0301pendance, de cole\u0300re et de re\u0301sistance a\u0300 partir d\u2019une histoire d\u2019amour ordinaire. Elle est pense\u0301e comme une adresse a\u0300 un amant du passe\u0301, un certain Thomas a\u0300 la fois autobiographique et fictif qui pourrait avoir bien d\u2019autres noms. Comme autant de chapitres d\u2019un e\u0301trange roman a\u0300 l\u2019eau de rose, les \u0153uvres de l\u2019exposition font suite a\u0300 des conversations entre commissaires et artistes ou\u0300 chacun\u00b7e investit et transforme son propre Thomas.Les artistes prennent a\u0300 bras le corps les e\u0301motions et les enjeux politiques qui les produisent et les affectent. Chaque artiste a travaille\u0301 a\u0300 partir de \u00ab son Thomas \u00bb, le faisant surgir de son histoire personnelle en re\u0301sonance avec les re\u0301cits et les e\u0301motions des commissaires.<\/p>\n<p>Entre l\u2019euphorie amoureuse, le deuil de la perte, l\u2019impuissance, la cole\u0300re et la rage, to Thomas est un ensemble de gestes profonde\u0301ment intimes. Souvent mises de co\u0302te\u0301 \u2013 trop personnelles ou trop singulie\u0300res, trop fortes ou trop de\u0301sordonne\u0301es \u2013 les e\u0301motions permettent pourtant aux artistes et aux commissaires de rendre leur travail partageable et accessible, tout en explorant les re\u0301gimes visuels et politiques complexes qui les de\u0301terminent.[\/vc_column_text][vc_single_image image=\u00a0\u00bb7360&Prime; img_size=\u00a0\u00bbmedium\u00a0\u00bb add_caption=\u00a0\u00bbyes\u00a0\u00bb css=\u00a0\u00bb.vc_custom_1611226912359{padding-left: 20px !important;}\u00a0\u00bb][vc_btn title=\u00a0\u00bbEn savoir plus\u00a0\u00bb link=\u00a0\u00bburl:https%3A%2F%2Fwww.ensapc.fr%2Ffr%2Fygrec%2Farchives%2F2020-2%2Fto-thomas%2F||target:%20_blank|\u00a0\u00bb][vc_btn title=\u00a0\u00bbDossier de presse\u00a0\u00bb link=\u00a0\u00bburl:https%3A%2F%2Fwww.ensapc.fr%2Fwp-content%2Fuploads%2F2023%2F02%2FDP_TO_THOMAS_YGREC.pdf|target:_blank\u00a0\u00bb][vc_empty_space][vc_column_text]<\/p>\n<div class=\"wpb_text_column wpb_content_element \">\n<div class=\"wpb_wrapper\">\n<p><strong>YTO BARRADA<\/strong><\/p>\n<p><strong><em>DES TROUS DANS LA LUNE<\/em><\/strong><\/p>\n<p>Du 26 ao\u00fbt au 21 octobre 2020 sur la fa\u00e7ade de l&rsquo;ENSAPC<\/p>\n<\/div>\n<\/div>\n<div class=\"wpb_text_column wpb_content_element \">\n<div class=\"wpb_wrapper\">\n<div class=\"layoutArea\">\n<div class=\"column\">\n<p>Invite\u0301e par l\u2019\u00c9cole nationale supe\u0301rieure des arts de Paris Cergy (ENSAPC) a\u0300 l\u2019occasion de l\u2019Ete\u0301 culturel en I\u0302le-de-France, l\u2019artiste franco-marocaine Yto Barrada affiche temporairement sur la fac\u0327ade de l\u2019ENSAPC un calendrier fictif du cycle lunaire. Chacune des phases affiche\u0301es de la lune souligne visuellement la localisation de l\u2019un des vingt-cinq crate\u0300res qui portent le nom d\u2019un savant du monde arabo-islamique. Comme souvent dans son travail, Yto Barrada s\u2019inte\u0301resse a\u0300 l\u2019histoire, au savoir, et aux re\u0301cits qui s\u2019y produisent.<\/p>\n<\/div>\n<\/div>\n<\/div>\n<\/div>\n<p>[\/vc_column_text][vc_single_image image=\u00a0\u00bb6217&Prime; img_size=\u00a0\u00bbmedium\u00a0\u00bb css=\u00a0\u00bb.vc_custom_1603373735575{padding-left: 20px !important;}\u00a0\u00bb][vc_btn title=\u00a0\u00bbEn savoir plus\u00a0\u00bb link=\u00a0\u00bburl:https%3A%2F%2Fwww.ensapc.fr%2Ffr%2Fygrec%2Farchives%2F2020-2%2Fyto-barrada%2F%20|||\u00a0\u00bb][vc_btn title=\u00a0\u00bbDossier de presse\u00a0\u00bb link=\u00a0\u00bburl:https%3A%2F%2Fwww.ensapc.fr%2Fwp-content%2Fuploads%2F2023%2F02%2FYgrec-ENSAPC_Y.Barrada_Dossier-de-presse-V3.pdf|target:_blank\u00a0\u00bb][vc_empty_space][vc_column_text]<strong>GA\u00cbLLE CHOISNE,<em>\u00a0SCHLAG LOVE\u00a0\u00a0<\/em><\/strong><\/p>\n<p><strong>BENJAMIN SWAIM,\u00a0<em>LAME DE FOND<\/em><\/strong><\/p>\n<p>Du 6 mars au 28 mars 2020<\/p>\n<p>Apre\u0300s vingt ans d\u2019existence a\u0300 Paris, le centre d\u2019art Ygrec ENSAPC ouvre ses nouveaux espaces a\u0300 Aubervilliers qui accueillent les formes actuelles de la cre\u0301ation contemporaine. Pour cette premie\u0300re exposition, Ygrec a invite\u0301 deux artistes a\u0300 investir les vitrines et l\u2019espace inte\u0301rieur.<\/p>\n<p>L\u2019artiste Gae\u0308lle Choisne pre\u0301sente dans les vitrines <em>Schlag love<\/em>, une installation me\u0302lant un choix d\u2019\u0153uvres existantes a\u0300 de nouvelles productions re\u0301alise\u0301es spe\u0301cialement pour cette exposition. Son travail se compose de sculptures et d\u2019installations composites et foisonnantes ou\u0300 viennent s\u2019imbriquer photographies, vide\u0301os et re\u0301fe\u0301rences litte\u0301raires. En reproduisant le de\u0301sordre et la complexite\u0301 du monde contemporain, l\u2019artiste e\u0301voque les enjeux de la surexploitation des ressources, l\u2019he\u0301ritage de l\u2019histoire coloniale, et me\u0302le indiffe\u0301remment sciences objectives, traditions e\u0301sote\u0301riques cre\u0301oles, mythes et cultures populaires.<\/p>\n<p>L\u2019artiste Benjamin Swaim pre\u0301sente dans l\u2019espace inte\u0301rieur d\u2019Ygrec une se\u0301rie de peintures de grand et moyen formats, produites lors des trois dernie\u0300res anne\u0301es et rassemble\u0301es sous le titre <em>Lame de fond<\/em>. Figurative, sa peinture est faite de plages de couleurs vives, contraste\u0301es et lumineuses qui alte\u0300rent la perception des espaces repre\u0301sente\u0301s. Ces jeux formels et chromatiques construisent un univers e\u0301nigmatique, poe\u0301tique et inquie\u0301tant.<\/p>\n<p>Les propositions artistiques de Gae\u0308lle Choisne et de Benjamin Swaim qu\u2019a\u0300 premie\u0300re vue tout semblerait opposer partagent une me\u0302me inquie\u0301tude quant a\u0300 la complexite\u0301 et a\u0300 la puissance des forces et de\u0301sirs qui animent le monde. Elles manifestent, au travers d\u2019assemblages et de peintures, des interrogations communes : quels savoirs, quelles pratiques, quelles expe\u0301riences, quelles histoires sont en mesure de nous aider a\u0300 agir et penser les re\u0301alite\u0301s qui nous de\u0301terminent ?[\/vc_column_text][vc_single_image image=\u00a0\u00bb4904&Prime; img_size=\u00a0\u00bbmedium\u00a0\u00bb add_caption=\u00a0\u00bbyes\u00a0\u00bb alignment=\u00a0\u00bbcenter\u00a0\u00bb][vc_btn title=\u00a0\u00bbEn savoir plus\u00a0\u00bb link=\u00a0\u00bburl:https%3A%2F%2Fwww.ensapc.fr%2Ffr%2Fygrec%2Farchives%2F2020-2%2Fgaelle-choisne-schlag-love-benjamin-swaim-lame-de-fond||target:%20_blank|\u00a0\u00bb][\/vc_column_inner][\/vc_row_inner][\/vc_column][vc_column width=\u00a0\u00bb1\/2&Prime;][vc_row_inner][vc_column_inner][vc_column_text]<strong>TIPHAINE CALMETTES<\/strong><\/p>\n<p><strong><em>IL Y AVAIT DES ODEURS QUI MARCHAIENT<\/em><\/strong><\/p>\n<p>Du 10 juillet au 8 aou\u0302t 2020<\/p>\n<p>Durant quatre semaines, l\u2019artiste transformera le centre d\u2019art en un espace de recherche, d\u2019expe\u0301rimentation et de production (artisanale, culinaire et ve\u0301ge\u0301tale) dans lequel les visiteurs pourront de\u0301couvrir des \u0153uvres \u00ab en devenir \u00bb.<\/p>\n<p>L\u2019espace d\u2019exposition se me\u0301tamorphosera en un lieu de culture de kombucha (tissu vivant, symbiose de bacte\u0301ries et de levures, qui prolife\u0300re, grandit et s\u2019e\u0301tend) ainsi qu\u2019en un lieu d\u2019expe\u0301rimentation culinaire ou\u0300 le public pourra regarder, sentir et gou\u0302ter des objets comestibles. Les sculptures produites e\u0301volueront chaque semaine en une exposition jamais totalement arre\u0302te\u0301e dans sa forme mais, a\u0300 l\u2019instar du vivant, en transformation constante.<\/p>\n<p>Ce projet, entre exposition et re\u0301sidence de production, se veut e\u0301galement une plateforme de rencontres et d\u2019e\u0301changes entre l\u2019artiste, des intervenants (cheffe, philosophe, commissaires d\u2019exposition) et le public, invite\u0301 a\u0300 l\u2019occasion de trois rencontres-e\u0301ve\u0301nements les 23 juillet, 30 juillet et 8 aou\u0302t. C\u2019est a\u0300 travers des re\u0301flexions artistiques, alimentaires, sociales, philosophiques et par conse\u0301quent politiques que l\u2019artiste, vient questionner, nos usages et nos habitudes qu\u2019ils soient lie\u0301s a\u0300 notre manie\u0300re de visiter une exposition, de consommer du pain, de s\u2019asseoir a\u0300 table ou plus largement, d\u2019envisager le vivant.<\/p>\n<p>[\/vc_column_text][vc_single_image image=\u00a0\u00bb5854&Prime; img_size=\u00a0\u00bbmedium\u00a0\u00bb add_caption=\u00a0\u00bbyes\u00a0\u00bb alignment=\u00a0\u00bbcenter\u00a0\u00bb][vc_btn title=\u00a0\u00bbEn savoir plus\u00a0\u00bb link=\u00a0\u00bburl:https%3A%2F%2Fwww.ensapc.fr%2Ffr%2Fygrec%2Farchives%2F2020-2%2Ftiphaine-calmettes-il-y-avait-des-odeurs-qui-marchaient||target:%20_blank|\u00a0\u00bb][vc_btn title=\u00a0\u00bbDossier de presse\u00a0\u00bb link=\u00a0\u00bburl:https%3A%2F%2Fwww.ensapc.fr%2Fwp-content%2Fuploads%2F2023%2F02%2FYgrec-ENSAPC_Tiphaine-Calmettes_DossierdePresse.pdf|target:_blank\u00a0\u00bb][vc_btn title=\u00a0\u00bbLire l&rsquo;article dans Lib\u00e9ration\u00a0\u00bb link=\u00a0\u00bburl:https%3A%2F%2Fnext.liberation.fr%2Farts%2F2020%2F08%2F02%2Ftiphaine-calmettes-le-gout-d-apprendre_1795874||target:%20_blank|\u00a0\u00bb][vc_empty_space][vc_column_text]<em><strong>UNEXPECTED ITEMS IN THE BAGGING AREA<\/strong><\/em><\/p>\n<p><em>Unexpected Items In The Bagging Area<\/em>\u00a0est un projet d\u00e9velopp\u00e9 entre l\u2019\u00c9cole nationale sup\u00e9rieure d\u2019arts de Paris-Cergy (ENSAPC) et l\u2019<a href=\"https:\/\/www.ircam.fr\/\">Ircam<\/a>\u00a0(coproduction Ircam \/ Philippe Langlois) autour d\u2019un atelier de recherche et de cr\u00e9ation pilot\u00e9 par les artistes et enseignants Yann Beauvais et J\u00e9r\u00f4me Combier accompagn\u00e9s par Gr\u00e9goire Lorieux et S\u00e9bastien Naves (Ircam) sur le th\u00e8me \u00ab\u00a0images en mouvement et exp\u00e9riences sonores\u00a0\u00bb.<\/p>\n<p>En prenant pour point de d\u00e9part les notions d\u2019image projet\u00e9e et de cin\u00e9ma exp\u00e9rimental, des \u00e9tudiant\u00b7e\u00b7s de l\u2019ENSAPC ont d\u00e9velopp\u00e9 des r\u00e9flexions, des lignes de recherche, des propositions plastiques ou musicales, en lien avec d\u2019autres m\u00e9diums tels que la po\u00e9sie, la musique improvis\u00e9e, la programmation musicale ou l\u2019installation.<\/p>\n<p>Originellement destin\u00e9es \u00e0 \u00eatre expos\u00e9es \u00e0 l\u2019Ircam et au centre d\u2019art Ygrec-ENSAPC, ces nouvelles cr\u00e9ations, seront accessibles sur les r\u00e9seaux sociaux (Facebook, Instagram, Twitter) \u00e0 partir du 15 juin 2020. Chaque jour, y seront propos\u00e9s des extraits, des adaptations, des bandes annonces et des oeuvres compl\u00e8tes produites par sept \u00e9tudiant.e.s de l\u2019ENSAPC (Dylan Altamiranda, Yannis Briki &amp; Sarah-Ana\u00efs Desbenoit, Lina Filipovich, Aur\u00e9lie Massa, Lo\u00efck Mfoundou, Amosph\u00e8re) en collaboration avec l\u2019Ircam.<\/p>\n<p>Face \u00e0 l\u2019isolement, au manque d\u2019acc\u00e8s \u00e0 certains outils plastiques et technologiques et \u00e0 l\u2019incertitude, il paraissait important aux enseignants comme aux \u00e9tudiant.e.s de montrer que \u00ab\u00a0par del\u00e0 les contraintes du moment l\u2019engagement cr\u00e9atif et l\u2019engagement collectif sont des moyens par lesquels s\u2019affirme le vivant.\u00a0\u00bb (Yann Beauvais)<\/p>\n<p>En partenariat avec l&rsquo;Ircam.[\/vc_column_text][vc_single_image image=\u00a0\u00bb7681&Prime; img_size=\u00a0\u00bbmedium\u00a0\u00bb add_caption=\u00a0\u00bbyes\u00a0\u00bb css=\u00a0\u00bb.vc_custom_1611229515548{padding-left: 30px !important;}\u00a0\u00bb][\/vc_column_inner][\/vc_row_inner][\/vc_column][\/vc_row]<\/p>\n<\/div>","protected":false},"excerpt":{"rendered":"<p>[vc_row gap=\u00a0\u00bb30&Prime;][vc_column width=\u00a0\u00bb1\/2&Prime;][vc_row_inner][vc_column_inner][vc_column_text]TO THOMAS du 24 octobre 2020 au 9 janvier 2021 Avec : Jimmy Beauquesne, Bady Dalloul, Jesse Darling, Marijke De Roover, Ilya Fedotov-Fedorov, Olivia Hernai\u0308z, Candice Lin, Adrian Mabileau Ebrahimi Tajadod, Simon Martin, Dala Nasser, Jose\u0300fa Ntjam, Bassem Saad, Hanna Zubkova Commissaires : Lucas Morin &amp; Sasha Pevak L\u2019exposition\u00a0to Thomas\u00a0de\u0301veloppe des re\u0301cits d\u2019attachement,&#8230;  <a class=\"excerpt-read-more\" href=\"https:\/\/www.ensapc.fr\/fr\/ygrec\/archives\/2020-2\/\" title=\"Read 2020\">Lire la suite &raquo;<\/a><\/p>\n","protected":false},"author":1,"featured_media":0,"parent":271,"menu_order":405,"comment_status":"closed","ping_status":"closed","template":"","meta":{"footnotes":""},"class_list":["post-5764","page","type-page","status-publish","hentry"],"_links":{"self":[{"href":"https:\/\/www.ensapc.fr\/fr\/wp-json\/wp\/v2\/pages\/5764","targetHints":{"allow":["GET"]}}],"collection":[{"href":"https:\/\/www.ensapc.fr\/fr\/wp-json\/wp\/v2\/pages"}],"about":[{"href":"https:\/\/www.ensapc.fr\/fr\/wp-json\/wp\/v2\/types\/page"}],"author":[{"embeddable":true,"href":"https:\/\/www.ensapc.fr\/fr\/wp-json\/wp\/v2\/users\/1"}],"replies":[{"embeddable":true,"href":"https:\/\/www.ensapc.fr\/fr\/wp-json\/wp\/v2\/comments?post=5764"}],"version-history":[{"count":5,"href":"https:\/\/www.ensapc.fr\/fr\/wp-json\/wp\/v2\/pages\/5764\/revisions"}],"predecessor-version":[{"id":10894,"href":"https:\/\/www.ensapc.fr\/fr\/wp-json\/wp\/v2\/pages\/5764\/revisions\/10894"}],"up":[{"embeddable":true,"href":"https:\/\/www.ensapc.fr\/fr\/wp-json\/wp\/v2\/pages\/271"}],"wp:attachment":[{"href":"https:\/\/www.ensapc.fr\/fr\/wp-json\/wp\/v2\/media?parent=5764"}],"curies":[{"name":"wp","href":"https:\/\/api.w.org\/{rel}","templated":true}]}}