{"id":8584,"date":"2021-06-01T09:29:28","date_gmt":"2021-06-01T07:29:28","guid":{"rendered":"https:\/\/www.ensapc.fr\/?page_id=8584"},"modified":"2022-03-31T16:35:07","modified_gmt":"2022-03-31T14:35:07","slug":"2021-2","status":"publish","type":"page","link":"https:\/\/www.ensapc.fr\/fr\/recherche\/archives\/2021-2\/","title":{"rendered":"2021"},"content":{"rendered":"<div class=\"wpb-content-wrapper\"><p>[vc_row gap=\u00a0\u00bb30&Prime;][vc_column width=\u00a0\u00bb1\/2&Prime;][vc_row_inner][vc_column_inner][vc_column_text]<strong>DE MAIN EN MAIN : TRAJECTOIRES D&rsquo;OBJETS<\/strong><\/p>\n<p><strong>JOURN\u00c9E D&rsquo;\u00c9TUDES SOUS LA DIRECTION D&rsquo;AKRAM ZAATARI<\/strong><\/p>\n<p><strong><br \/>\nLe 8 d\u00e9cembre 2021 \u2013 Cin\u00e9ma 1 \u2013 Centre Pompidou<\/strong><\/p>\n<p>Dans le cadre du cycle \u00ab Vid\u00e9o et apr\u00e8s \u00bb, Service Nouveaux M\u00e9dias \u2013 MNAM\/Centre Pompidou et du programme doctoral de l\u2019\u00c9cole nationale sup\u00e9rieure d\u2019arts de Paris-Cergy Graduate School Humanities, Creation and Heritage<\/p>\n<div>\n<p class=\"p1\">Avec : Jean-Christophe Bailly, Patricia Falgui\u00e8res, Avi Mograbi, B\u00e9n\u00e9dicte Savoy, Amie Siegel, Rayyane Tabet, Akram Zaatari.<\/p>\n<p class=\"p1\">Les objets changent de fonction et par cons\u00e9quent de valeur et de statut au fil du temps. Ils sont parfois stock\u00e9s, vendus ou achet\u00e9s, enterr\u00e9s ou en circulation dans des r\u00e9seaux de trafic d\u2019art et, finalement, extraits de constellations plus larges ou d&rsquo;un tissu vivant. Les objets passent ainsi de main en main, ce qui enrichit leurs biographies. Ils sont d\u00e9plac\u00e9s, donn\u00e9s, \u00e9tudi\u00e9s, copi\u00e9s, reproduits ou expos\u00e9s. Cette journ\u00e9e d\u2019\u00e9tudes examine les m\u00e9canismes qui accompagnent ces changements de propri\u00e9t\u00e9 et de valeur \u00e0 travers des \u0153uvres d&rsquo;artistes contemporains. Du buste de N\u00e9fertiti \u00e9tudi\u00e9 par Jean-Christophe Bailly, \u00e0 l&rsquo;occupation des territoires palestiniens explor\u00e9e par Avi Mograbi, un aller-retour dans le temps et la g\u00e9ographie se profile \u00e0 travers ces \u0153uvres. Nous aborderons ainsi l\u2019apr\u00e8s-vie des objets, l\u2019identit\u00e9 du mus\u00e9e, la temporalit\u00e9 de la perp\u00e9tuit\u00e9, et tout ce qui peut nous \u00e9mouvoir dans l\u2019ensemble de ces d\u00e9placements.<\/p>\n<\/div>\n<p>[\/vc_column_text][vc_btn title=\u00a0\u00bbProgramme complet\u00a0\u00bb link=\u00a0\u00bburl:https%3A%2F%2Fwww.ensapc.fr%2Fwp-content%2Fuploads%2F2021%2F12%2FProgramme_JE8DEC_0712.pdf%20_blank||target:%20_blank|\u00a0\u00bb][vc_btn title=\u00a0\u00bbCaptation de la journ\u00e9e d&rsquo;\u00e9tudes\u00a0\u00bb link=\u00a0\u00bburl:https%3A%2F%2Fwww.centrepompidou.fr%2Ffr%2Fressources%2Fmedia%2F4PVgOMY||target:%20_blank|\u00a0\u00bb][vc_empty_space][vc_column_text]<strong><em>TIME CAPSULE 2045 &#8211; <\/em><\/strong><strong>UN PROJET INITI\u00c9 PAR ART BY TRANSLATION ET LAB\u2019BEL<\/strong><\/p>\n<p><strong>1ere \u00e9tape de l\u2019exposition itin\u00e9rante aux Beaux-arts de Paris dans le cadre du Th\u00e9\u00e2tre des expositions Acte 2, du 7 au 23 mai 2021.<\/strong><\/p>\n<p>Les capsules de temps sont des objets ou des \u0153uvres destin\u00e9s \u00e0 \u00eatre d\u00e9couverts apr\u00e8s un d\u00e9lai plus ou moins long. Dans le contexte \u00e9cologique et politique anxiog\u00e8ne que nous connaissons aujourd\u2019hui, cette exposition propose d\u2019interroger la notion de capsule de temps et d\u2019adresser de nouvelles \u0153uvres au futur. Dix-sept artistes, dont les travaux mettent souvent en jeu des trajectoires et temporalit\u00e9s complexes, sont invit\u00e9s \u00e0 placer une \u0153uvre connue d\u2019eux seuls dans une bo\u00eete d\u2019archives destin\u00e9e \u00e0 \u00eatre ouverte dans 25 ans.<\/p>\n<p>Conjointement \u00e0 la cr\u00e9ation de ces capsules de temps, des artistes, musiciens, \u00e9crivains, th\u00e9oriciens de diff\u00e9rentes disciplines et \u00e9tudiants des \u00e9coles d&rsquo;art de Paris, Angers et Cergy ont \u00e9t\u00e9 invit\u00e9s \u00e0 cr\u00e9er des pi\u00e8ces sonores imaginant 2045. Pour tenter de s\u2019\u00e9manciper du sentiment d\u2019impuissance face \u00e0 la situation actuelle, et contre la vision d\u2019un futur pr\u00e9dictible r\u00e9duit \u00e0 des calculs de probabilit\u00e9s, ce deuxi\u00e8me volet du projet d\u00e9fend l\u2019importance de l\u2019anticipation et de la fiction sp\u00e9culative pour r\u00e9v\u00e9ler les multiples possibles du pr\u00e9sent et nous inviter \u00e0 l\u2019action. Ces \u0153uvres sonores sont conserv\u00e9es et rendues accessibles au public \u00e0 travers plusieurs types de supports d\u2019enregistrement (vinyle, K7, CD, Mp3, etc.) qui seront ainsi soumis aux effets du temps.<\/p>\n<p>Cette exposition aux Beaux-Arts de Paris constitue le premier rendez-vous d\u2019un projet se d\u00e9veloppant sur 25 ans. Chaque exposition rassemblera les 17 Time capsules scell\u00e9es dans des bo\u00eetes d\u2019archives et les diff\u00e9rents supports analogiques et num\u00e9riques permettant l\u2019\u00e9coute des sons. \u00c0 chaque \u00e9tape seront d\u00e9velopp\u00e9es de nouvelles cr\u00e9ations sonores et performances. En 2045, les Time Capsules seront d\u00e9voil\u00e9es au public.[\/vc_column_text][vc_btn title=\u00a0\u00bbCommuniqu\u00e9 de presse\u00a0\u00bb link=\u00a0\u00bburl:https%3A%2F%2Fwww.ensapc.fr%2Fwp-content%2Fuploads%2F2021%2F05%2FTime-Capsule-2045-ComPresse-20Avril2021-1.pdf||target:%20_blank|\u00a0\u00bb][vc_btn title=\u00a0\u00bbJournal d&rsquo;exposition \u00a0\u00bb link=\u00a0\u00bburl:https%3A%2F%2Fwww.ensapc.fr%2Fwp-content%2Fuploads%2F2021%2F05%2FJournal-Time-Capsules-Booklet-21.pdf|||\u00a0\u00bb][vc_btn title=\u00a0\u00bbTime Capsule 2045 dans Lib\u00e9ration \u00a0\u00bb link=\u00a0\u00bburl:https%3A%2F%2Fwww.ensapc.fr%2Fwp-content%2Fuploads%2F2021%2F05%2FLibe%CC%81-Time-Capsules-scaled.jpg||target:%20_blank|\u00a0\u00bb][vc_empty_space][vc_column_text][\/vc_column_text][\/vc_column_inner][\/vc_row_inner][vc_column_text][\/vc_column_text][vc_column_text][\/vc_column_text][\/vc_column][vc_column width=\u00a0\u00bb1\/2&Prime;][vc_row_inner][vc_column_inner][vc_column_text]<strong>CREATOR DOCTUS<\/strong><\/p>\n<p>Depuis 2018, l\u2019ENSAPC est partenaire du projet europ\u00e9en Creator Doctus (CrD). A\u0300 l\u2019initiative de la Gerrit Rietveld Academie et de l\u2019organisation europe\u0301enne EQ-Arts, et re\u0301unissant la Glasgow School of Art, la Athens School of Fine Arts, la Vilnius Academy of Arts, la Royal Danish Academy of Fine Arts, la Merz Akademie et l\u2019Ecole nationale sup\u00e9rieure d\u2019arts de Paris Cergy, ce projet entend mener, sur la pe\u0301riode 2018-2021 une re\u0301flexion a\u0300 l\u2019e\u0301chelle europe\u0301enne sur le doctorat par la pratique artistique et produire des savoirs et des recommandations se nourrissant des exp\u00e9riences et expertises des \u00e9tablissements partenaires, europ\u00e9ens et internationaux.<\/p>\n<p><b>Derni\u00e8re conf\u00e9rence et exposition \u00e0 la Rietveld Academie, Amsterdam, \u00e0<\/b><b>\u00a0partir du 29 octobre 2021<\/b><\/p>\n<p>Fin octobre, le projet Creator Doctus se conclue \u00e0 l\u2019occasion d\u2019une conf\u00e9rence organis\u00e9e par la Rietveld Academie. Articul\u00e9e autour d\u2019interventions d\u2019artistes et de chercheur\u00b7euses et de temps de discussion, elle est en partie consacr\u00e9e \u00e0 la pr\u00e9sentation d\u2019un ouvrage synth\u00e9tisant la r\u00e9flexion men\u00e9e depuis 2018 sur le doctorat par la pratique artistique \u00e0 l\u2019\u00e9chelle europ\u00e9enne. Des essais et entretiens avec des artistes impliqu\u00e9\u00b7e\u00b7s dans des programmes de recherche (Akram Zaatari, Jane Jin Kaisen, Saoirse Higgins\u2026) enrichissent l\u2019ouvrage qui s\u2019accompagne d\u2019un guide de bonnes pratiques. Ils sont t\u00e9l\u00e9chargeables gratuitement.<\/p>\n<p>En lien avec la conf\u00e9rence, une exposition,\u00a0<em>Processing Space-Times<\/em>, sera inaugur\u00e9e le vendredi 29 octobre au Nieuw Dakota sous le commissariat d\u2019Astrid Korporaal. Cette exposition pr\u00e9sentera des oeuvres r\u00e9alis\u00e9es dans le cadre de projets de recherche \u00e0 diff\u00e9rents stades de d\u00e9veloppement. R\u00e9unissant des artistes issu\u00b7e\u00b7s des \u00e9coles partenaires du projet \u2013 Arnas Askaitis, Joan Ayrton, Femke Herregraven, Saoirse Higgins, Theodoros Giannakis, Jane Jin Kaisen et Caroline Meyer-Juershof \u2013 l\u2019exposition envisagera comment ils et elles proposent des moyens de franchir les fronti\u00e8res spatiales et temporelles de la pens\u00e9e, s\u2019attachant aux souvenirs r\u00e9currents, aux histoires fragment\u00e9es, aux \u00e9cosyst\u00e8mes fragiles, aux nouvelles technologies, aux in\u00e9galit\u00e9s persistantes et aux futurs sp\u00e9culatifs.[\/vc_column_text][vc_btn title=\u00a0\u00bbT\u00e9l\u00e9charger la publication \u00a0\u00bb link=\u00a0\u00bburl:https%3A%2F%2Flaps-rietveld.nl%2Fwp-content%2Fuploads%2F2021%2F11%2FCrD-constellation-online.pdf||target:%20_blank|\u00a0\u00bb][vc_btn title=\u00a0\u00bbT\u00e9l\u00e9charger le guide\u00a0\u00bb link=\u00a0\u00bburl:https%3A%2F%2Fcreatordoctus.eu%2Fwp-content%2Fuploads%2F2021%2F10%2FCrD-Constellation-final-insert-DEF.pdf||target:%20_blank|\u00a0\u00bb][vc_empty_space height=\u00a0\u00bb20px\u00a0\u00bb][vc_column_text]<\/p>\n<div class=\"wpb_text_column wpb_content_element \">\n<div class=\"wpb_wrapper\">\n<p><strong>Training Nida, ao\u00fbt 2021<\/strong><\/p>\n<p>Organis\u00e9e par la Vilnius Academy of Art, la derni\u00e8re formation a lieu \u00e0 la Nida Art Colony (<a href=\"http:\/\/nidacolony.lt\/\" target=\"_blank\" rel=\"noopener noreferrer\">http:\/\/nidacolony.lt\/<\/a>). Cette rencontre constitue une nouvelle occasion pour les doctorant\u00b7e\u00b7s et les artistes invit\u00e9\u00b7e\u00b7s de pr\u00e9senter des exp\u00e9riences de recherche artistique.<\/p>\n<\/div>\n<\/div>\n<div class=\"wpb_text_column wpb_content_element \">\n<div class=\"wpb_wrapper\">\n<p><strong>Training Glasgow, 15-17 f\u00e9vrier 2021<\/strong><\/p>\n<p>La s\u00e9rie des formations se poursuit \u00e0 Glasgow (organisation : Glasgow School of Arts). Dans la continuit\u00e9 du processus de r\u00e9flexion engag\u00e9 \u00e0 Stuttgart, cette formation a pour objectif de poursuivre les \u00e9changes entre doctorant\u00b7e\u00b7s, artistes et chercheur\u00b7euse\u00b7s, en soulignant les questions des m\u00e9thodologies et des financements de la recherche par la pratique artistique.<\/p>\n<\/div>\n<\/div>\n<p>[\/vc_column_text][vc_empty_space][vc_column_text]<strong>JOURN\u00c9E D&rsquo;ACCUEIL ET DE PR\u00c9SENTATION DES DOCTORANT\u00b7E\u00b7S<\/strong><\/p>\n<p><strong>Mercredi 20 octobre 2021 de 13h30 \u00e0 19h<\/strong>[\/vc_column_text][vc_btn title=\u00a0\u00bbProgramme complet \u00a0\u00bb link=\u00a0\u00bburl:https%3A%2F%2Fwww.ensapc.fr%2Fwp-content%2Fuploads%2F2021%2F10%2Fwelcome-day_final-1.pdf||target:%20_blank|\u00a0\u00bb][vc_empty_space][vc_column_text]<strong>JOURN\u00c9E D&rsquo;\u00c9TUDES &#8211; LES REPR\u00c9SENTATIONS POLITIQUES DE L&rsquo;ART NUM\u00c9RIQUE<br \/>\n<\/strong><strong>15 AVRIL 2021<br \/>\n<\/strong><strong><br \/>\n<\/strong>Organis\u00e9e par Rapha\u00ebl Faon, artiste et doctorant \u00e0 CY\/ENSAPC<\/p>\n<p>Cette journ\u00e9e d\u2019\u00e9tude propose de mettre \u00e0 distance \u00e0 la fois le d\u00e9faut d\u2019art et le d\u00e9faut de r\u00e9el souvent reproch\u00e9s aux \u0153uvres num\u00e9riques et qui en conditionnent la r\u00e9ception lorsqu\u2019on laisse parler \u00e0 travers nous ces discours critiques ; en interrogeant \u00e0 la fois le regard que l\u2019on porte sur les \u0153uvres num\u00e9riques et le regard que les \u0153uvres num\u00e9riques portent sur les probl\u00e8mes politiques contemporains, l&rsquo;enjeu est de r\u00e9fl\u00e9chir aux modalit\u00e9s par lesquelles l&rsquo;art num\u00e9rique s&#8217;empare des repr\u00e9sentations du r\u00e9el pour les renouveler, a fortiori lorsque les techniques num\u00e9riques nous adressent, hors du champ de l&rsquo;art, des questions politiques.<\/p>\n<p>L\u2019art num\u00e9rique peut-il \u00eatre un instrument critique ? Comment fait-il face aux probl\u00e8mes politiques contemporains ? En retour, comment ces nouvelles formes font-elles \u00e9voluer les pratiques \u00e9tablies et la mani\u00e8re de les montrer, de les voir ? Au-del\u00e0 de la technique, comment les \u0153uvres r\u00e9pondent-elles au pr\u00e9sent ?<\/p>\n<p>Artistes, commissaires d\u2019exposition et critiques sont convi\u00e9\u00b7e\u00b7s pour explorer de mani\u00e8re transversale ces questions qui traversent le champ de l\u2019art et offrir une vision plus juste des pratiques num\u00e9riques actuelles, de leur exposition et de leur r\u00e9ception.[\/vc_column_text][vc_btn title=\u00a0\u00bbProgramme complet\u00a0\u00bb link=\u00a0\u00bburl:https%3A%2F%2Fwww.ensapc.fr%2Fwp-content%2Fuploads%2F2021%2F04%2FLes-repre%CC%81sentations-politiques-de-lart-nume%CC%81rique-Programme-Journe%CC%81e-de%CC%81tude-ENSAPC-15-Avril-2021-1.pdf||target:%20_blank|\u00a0\u00bb][vc_btn title=\u00a0\u00bbCaptation de la journ\u00e9e d&rsquo;\u00e9tudes\u00a0\u00bb link=\u00a0\u00bburl:https%3A%2F%2Fvimeo.com%2F555732067||target:%20_blank|\u00a0\u00bb][\/vc_column_inner][vc_column_inner][\/vc_column_inner][\/vc_row_inner][\/vc_column][\/vc_row][vc_row gap=\u00a0\u00bb30&Prime;][vc_column width=\u00a0\u00bb1\/2&Prime;][vc_row_inner][vc_column_inner][vc_column_text][\/vc_column_text][\/vc_column_inner][\/vc_row_inner][\/vc_column][vc_column width=\u00a0\u00bb1\/2&Prime;][vc_row_inner][vc_column_inner][vc_column_text][\/vc_column_text][\/vc_column_inner][\/vc_row_inner][\/vc_column][\/vc_row]<\/p>\n<\/div>","protected":false},"excerpt":{"rendered":"<p>[vc_row gap=\u00a0\u00bb30&Prime;][vc_column width=\u00a0\u00bb1\/2&Prime;][vc_row_inner][vc_column_inner][vc_column_text]DE MAIN EN MAIN : TRAJECTOIRES D&rsquo;OBJETS JOURN\u00c9E D&rsquo;\u00c9TUDES SOUS LA DIRECTION D&rsquo;AKRAM ZAATARI Le 8 d\u00e9cembre 2021 \u2013 Cin\u00e9ma 1 \u2013 Centre Pompidou Dans le cadre du cycle \u00ab Vid\u00e9o et apr\u00e8s \u00bb, Service Nouveaux M\u00e9dias \u2013 MNAM\/Centre Pompidou et du programme doctoral de l\u2019\u00c9cole nationale sup\u00e9rieure d\u2019arts de Paris-Cergy Graduate School&#8230;  <a class=\"excerpt-read-more\" href=\"https:\/\/www.ensapc.fr\/fr\/recherche\/archives\/2021-2\/\" title=\"Read 2021\">Lire la suite &raquo;<\/a><\/p>\n","protected":false},"author":1,"featured_media":0,"parent":4930,"menu_order":313,"comment_status":"closed","ping_status":"closed","template":"","meta":{"footnotes":""},"class_list":["post-8584","page","type-page","status-publish","hentry"],"_links":{"self":[{"href":"https:\/\/www.ensapc.fr\/fr\/wp-json\/wp\/v2\/pages\/8584","targetHints":{"allow":["GET"]}}],"collection":[{"href":"https:\/\/www.ensapc.fr\/fr\/wp-json\/wp\/v2\/pages"}],"about":[{"href":"https:\/\/www.ensapc.fr\/fr\/wp-json\/wp\/v2\/types\/page"}],"author":[{"embeddable":true,"href":"https:\/\/www.ensapc.fr\/fr\/wp-json\/wp\/v2\/users\/1"}],"replies":[{"embeddable":true,"href":"https:\/\/www.ensapc.fr\/fr\/wp-json\/wp\/v2\/comments?post=8584"}],"version-history":[{"count":5,"href":"https:\/\/www.ensapc.fr\/fr\/wp-json\/wp\/v2\/pages\/8584\/revisions"}],"predecessor-version":[{"id":9786,"href":"https:\/\/www.ensapc.fr\/fr\/wp-json\/wp\/v2\/pages\/8584\/revisions\/9786"}],"up":[{"embeddable":true,"href":"https:\/\/www.ensapc.fr\/fr\/wp-json\/wp\/v2\/pages\/4930"}],"wp:attachment":[{"href":"https:\/\/www.ensapc.fr\/fr\/wp-json\/wp\/v2\/media?parent=8584"}],"curies":[{"name":"wp","href":"https:\/\/api.w.org\/{rel}","templated":true}]}}